{"id":7680,"date":"2022-04-23T19:57:03","date_gmt":"2022-04-23T19:57:03","guid":{"rendered":"https:\/\/www.valenciaculinaryfestival.es\/manifiesto-valencia-culinary-festival\/"},"modified":"2025-09-04T11:34:41","modified_gmt":"2025-09-04T11:34:41","slug":"manifesto-valencia-culinary-festival","status":"publish","type":"page","link":"https:\/\/www.valenciaculinaryfestival.es\/en\/manifesto-valencia-culinary-festival\/","title":{"rendered":"Manifesto Valencia Culinary Festival"},"content":{"rendered":"<p>[et_pb_section fb_built=&#8221;1&#8243; _builder_version=&#8221;4.17.0&#8243; _module_preset=&#8221;default&#8221; background_image=&#8221;https:\/\/www.valenciaculinaryfestival.es\/wp-content\/uploads\/fondo-playa.jpg&#8221; background_enable_video_mp4=&#8221;off&#8221; min_height=&#8221;604.2px&#8221; custom_margin=&#8221;||-40px||false|false&#8221; custom_padding=&#8221;230px||0px||false|false&#8221; global_colors_info=&#8221;{}&#8221;][et_pb_row column_structure=&#8221;1_2,1_2&#8243; _builder_version=&#8221;4.17.0&#8243; _module_preset=&#8221;default&#8221; global_colors_info=&#8221;{}&#8221;][et_pb_column type=&#8221;1_2&#8243; _builder_version=&#8221;4.17.0&#8243; _module_preset=&#8221;default&#8221; global_colors_info=&#8221;{}&#8221;][et_pb_text _builder_version=&#8221;4.17.0&#8243; _module_preset=&#8221;default&#8221; header_font=&#8221;Questrial|700||on|||||&#8221; header_text_align=&#8221;left&#8221; header_font_size=&#8221;40px&#8221; global_colors_info=&#8221;{}&#8221;]<\/p>\n<h1><span style=\"color: #ffffff;\">ManifestO<br \/>Valencia Culinary Festival<\/span><\/h1>\n<p>[\/et_pb_text][\/et_pb_column][et_pb_column type=&#8221;1_2&#8243; _builder_version=&#8221;4.17.0&#8243; _module_preset=&#8221;default&#8221; global_colors_info=&#8221;{}&#8221;][\/et_pb_column][\/et_pb_row][\/et_pb_section][et_pb_section fb_built=&#8221;1&#8243; admin_label=&#8221;Services&#8221; _builder_version=&#8221;4.16&#8243; _module_preset=&#8221;default&#8221; background_color=&#8221;#E9ECEB&#8221; custom_padding=&#8221;0px||0px|||&#8221; global_colors_info=&#8221;{}&#8221;][et_pb_row column_structure=&#8221;1_3,1_3,1_3&#8243; use_custom_gutter=&#8221;on&#8221; gutter_width=&#8221;1&#8243; make_equal=&#8221;on&#8221; _builder_version=&#8221;4.17.0&#8243; _module_preset=&#8221;default&#8221; width=&#8221;100%&#8221; max_width=&#8221;none&#8221; custom_padding=&#8221;0px||0px||false|false&#8221; global_colors_info=&#8221;{}&#8221;][et_pb_column type=&#8221;1_3&#8243; _builder_version=&#8221;4.17.0&#8243; _module_preset=&#8221;default&#8221; background_color=&#8221;#b0b0a9&#8243; background_image=&#8221;https:\/\/www.valenciaculinaryfestival.es\/wp-content\/uploads\/Tartar-de-Atun-rojo.jpg&#8221; background_blend=&#8221;multiply&#8221; custom_padding=&#8221;200px|50px|80px|50px|false|true&#8221; custom_padding_tablet=&#8221;240px|40px|40px|40px|false|true&#8221; custom_padding_phone=&#8221;200px|20px|20px|20px|false|true&#8221; custom_padding_last_edited=&#8221;on|phone&#8221; global_colors_info=&#8221;{}&#8221;][et_pb_text _builder_version=&#8221;4.17.0&#8243; _module_preset=&#8221;default&#8221; header_text_color=&#8221;#000000&#8243; header_2_font=&#8221;Questrial|700|||||||&#8221; header_2_text_color=&#8221;#000000&#8243; header_2_font_size=&#8221;43px&#8221; header_2_letter_spacing=&#8221;-0.02em&#8221; header_2_line_height=&#8221;1.2em&#8221; text_orientation=&#8221;center&#8221; custom_margin=&#8221;||10px||false|false&#8221; header_2_font_size_tablet=&#8221;32px&#8221; header_2_font_size_phone=&#8221;20px&#8221; header_2_font_size_last_edited=&#8221;on|phone&#8221; locked=&#8221;off&#8221; global_colors_info=&#8221;{}&#8221; content__hover_enabled=&#8221;on|desktop&#8221; content__hover=&#8221;<\/p>\n<h2 class=%22et_pb_module_header et-fb-editable-element et-fb-editable-element__editing%22 data-shortcode-id=%221.0.0.0-1650909799727%22 data-quickaccess-id=%22header%22 contenteditable=%22true%22><span style=%22color: #ffffff;%22>La perfecci\u00f3n s\u00ed existe<\/span><\/h2>\n<p>&#8220;]<\/p>\n<h2 class=\"et_pb_module_header et-fb-editable-element et-fb-editable-element__editing\" data-shortcode-id=\"1.0.0.0-1650909799727\" data-quickaccess-id=\"header\" contenteditable=\"true\"><span style=\"color: #ffffff;\">Perfection does exist<\/span><\/h2>\n<p>[\/et_pb_text][et_pb_text _builder_version=&#8221;4.17.0&#8243; _module_preset=&#8221;default&#8221; header_text_color=&#8221;#000000&#8243; header_2_font=&#8221;Questrial||||||||&#8221; header_2_text_color=&#8221;#000000&#8243; header_2_font_size=&#8221;25px&#8221; header_2_letter_spacing=&#8221;-0.02em&#8221; header_2_line_height=&#8221;1.1em&#8221; text_orientation=&#8221;center&#8221; custom_margin=&#8221;||10px||false|false&#8221; header_2_font_size_tablet=&#8221;32px&#8221; header_2_font_size_phone=&#8221;20px&#8221; header_2_font_size_last_edited=&#8221;on|phone&#8221; locked=&#8221;off&#8221; global_colors_info=&#8221;{}&#8221; content__hover_enabled=&#8221;off|hover&#8221;]<\/p>\n<h2 class=\"et_pb_module_header et-fb-editable-element et-fb-editable-element__editing\" data-shortcode-id=\"1.0.0.16-1650909800713\" data-quickaccess-id=\"header\" contenteditable=\"true\"><span style=\"color: #ffffff;\">You can\u2019t ignore it. You can\u2019t live on the sidelines. Enjoy it. But beware: once you taste it, every other flavor will seem mediocre<\/span><\/h2>\n<p>[\/et_pb_text][\/et_pb_column][et_pb_column type=&#8221;1_3&#8243; _builder_version=&#8221;4.17.0&#8243; _module_preset=&#8221;default&#8221; background_color=&#8221;#6bdbad&#8221; background_image=&#8221;https:\/\/www.valenciaculinaryfestival.es\/wp-content\/uploads\/compartoir.jpg&#8221; background_blend=&#8221;multiply&#8221; custom_padding=&#8221;200px|50px|80px|50px|false|true&#8221; custom_padding_tablet=&#8221;240px|40px|40px|40px|false|true&#8221; custom_padding_phone=&#8221;200px|20px|20px|20px|false|true&#8221; custom_padding_last_edited=&#8221;on|phone&#8221; global_colors_info=&#8221;{}&#8221;][et_pb_text _builder_version=&#8221;4.17.0&#8243; _module_preset=&#8221;default&#8221; header_text_color=&#8221;#000000&#8243; header_2_font=&#8221;Questrial|700|||||||&#8221; header_2_text_color=&#8221;#000000&#8243; header_2_font_size=&#8221;43px&#8221; header_2_letter_spacing=&#8221;-0.02em&#8221; header_2_line_height=&#8221;1.2em&#8221; text_orientation=&#8221;center&#8221; custom_margin=&#8221;||10px||false|false&#8221; header_2_font_size_tablet=&#8221;32px&#8221; header_2_font_size_phone=&#8221;20px&#8221; header_2_font_size_last_edited=&#8221;on|phone&#8221; locked=&#8221;off&#8221; global_colors_info=&#8221;{}&#8221;]<\/p>\n<h2 class=\"et_pb_module_header et-fb-editable-element et-fb-editable-element__editing\" data-shortcode-id=\"1.0.0.2-1650909799870\" data-quickaccess-id=\"header\" contenteditable=\"true\"><span style=\"color: #ffffff;\">It\u2019s not just what you eat, but who you share it with<\/span><\/h2>\n<p>[\/et_pb_text][et_pb_text _builder_version=&#8221;4.17.0&#8243; _module_preset=&#8221;default&#8221; header_text_color=&#8221;#000000&#8243; header_2_font=&#8221;Questrial||||||||&#8221; header_2_text_color=&#8221;#000000&#8243; header_2_font_size=&#8221;25px&#8221; header_2_letter_spacing=&#8221;-0.02em&#8221; header_2_line_height=&#8221;1.1em&#8221; text_orientation=&#8221;center&#8221; custom_margin=&#8221;||10px||false|false&#8221; header_2_font_size_tablet=&#8221;32px&#8221; header_2_font_size_phone=&#8221;20px&#8221; header_2_font_size_last_edited=&#8221;on|phone&#8221; locked=&#8221;off&#8221; global_colors_info=&#8221;{}&#8221; content__hover_enabled=&#8221;off|hover&#8221;]<\/p>\n<h2 class=\"et_pb_module_header et-fb-editable-element et-fb-editable-element__editing\" data-shortcode-id=\"1.0.0.16-1650909800713\" data-quickaccess-id=\"header\" contenteditable=\"true\"><span style=\"color: #ffffff;\">Shared delights create bonds that last forever.<\/span><\/h2>\n<p>[\/et_pb_text][\/et_pb_column][et_pb_column type=&#8221;1_3&#8243; _builder_version=&#8221;4.17.0&#8243; _module_preset=&#8221;default&#8221; background_color=&#8221;#2674b5&#8243; background_image=&#8221;https:\/\/www.valenciaculinaryfestival.es\/wp-content\/uploads\/ingrediente.jpg&#8221; background_blend=&#8221;multiply&#8221; custom_padding=&#8221;200px|50px|80px|50px|false|true&#8221; custom_padding_tablet=&#8221;240px|40px|40px|40px|false|true&#8221; custom_padding_phone=&#8221;200px|20px|20px|20px|false|true&#8221; custom_padding_last_edited=&#8221;on|phone&#8221; global_colors_info=&#8221;{}&#8221;][et_pb_text _builder_version=&#8221;4.17.0&#8243; _module_preset=&#8221;default&#8221; header_text_color=&#8221;#000000&#8243; header_2_font=&#8221;Questrial|700|||||||&#8221; header_2_text_color=&#8221;#000000&#8243; header_2_font_size=&#8221;43px&#8221; header_2_letter_spacing=&#8221;-0.02em&#8221; header_2_line_height=&#8221;1.2em&#8221; text_orientation=&#8221;center&#8221; custom_margin=&#8221;||10px||false|false&#8221; header_2_font_size_tablet=&#8221;32px&#8221; header_2_font_size_phone=&#8221;20px&#8221; header_2_font_size_last_edited=&#8221;on|phone&#8221; locked=&#8221;off&#8221; global_colors_info=&#8221;{}&#8221;]<\/p>\n<h2 class=\"et_pb_module_header et-fb-editable-element et-fb-editable-element__editing\" data-shortcode-id=\"1.0.0.12-1650909800469\" data-quickaccess-id=\"header\" contenteditable=\"true\"><span style=\"color: #ffffff;\">Courage is made, not given<\/span><\/h2>\n<p>[\/et_pb_text][et_pb_text _builder_version=&#8221;4.17.0&#8243; _module_preset=&#8221;default&#8221; header_text_color=&#8221;#000000&#8243; header_2_font=&#8221;Questrial||||||||&#8221; header_2_text_color=&#8221;#000000&#8243; header_2_font_size=&#8221;25px&#8221; header_2_letter_spacing=&#8221;-0.02em&#8221; header_2_line_height=&#8221;1.1em&#8221; text_orientation=&#8221;center&#8221; custom_margin=&#8221;||10px||false|false&#8221; header_2_font_size_tablet=&#8221;32px&#8221; header_2_font_size_phone=&#8221;20px&#8221; header_2_font_size_last_edited=&#8221;on|phone&#8221; locked=&#8221;off&#8221; global_colors_info=&#8221;{}&#8221; content__hover_enabled=&#8221;off|hover&#8221;]<\/p>\n<h2 class=\"et_pb_module_header et-fb-editable-element et-fb-editable-element__editing\" data-shortcode-id=\"1.0.0.16-1650909800713\" data-quickaccess-id=\"header\" contenteditable=\"true\"><span style=\"color: #ffffff;\">The new belongs to those who dare. Local ingredients take you on a journey around the world without leaving our terreta. Try everything.<\/span><\/h2>\n<p>[\/et_pb_text][\/et_pb_column][\/et_pb_row][et_pb_row column_structure=&#8221;1_3,1_3,1_3&#8243; use_custom_gutter=&#8221;on&#8221; gutter_width=&#8221;1&#8243; make_equal=&#8221;on&#8221; _builder_version=&#8221;4.17.0&#8243; _module_preset=&#8221;default&#8221; width=&#8221;100%&#8221; max_width=&#8221;none&#8221; custom_padding=&#8221;0px||0px||false|false&#8221; global_colors_info=&#8221;{}&#8221;][et_pb_column type=&#8221;1_3&#8243; _builder_version=&#8221;4.17.0&#8243; _module_preset=&#8221;default&#8221; background_color=&#8221;#2674b5&#8243; background_image=&#8221;https:\/\/www.valenciaculinaryfestival.es\/wp-content\/uploads\/chef.jpg&#8221; background_blend=&#8221;multiply&#8221; custom_padding=&#8221;200px|50px|80px|50px|false|true&#8221; custom_padding_tablet=&#8221;240px|40px|40px|40px|false|true&#8221; custom_padding_phone=&#8221;200px|20px|20px|20px|false|true&#8221; custom_padding_last_edited=&#8221;on|phone&#8221; global_colors_info=&#8221;{}&#8221;][et_pb_text _builder_version=&#8221;4.17.0&#8243; _module_preset=&#8221;default&#8221; header_text_color=&#8221;#000000&#8243; header_2_font=&#8221;Questrial|700|||||||&#8221; header_2_text_color=&#8221;#000000&#8243; header_2_font_size=&#8221;43px&#8221; header_2_letter_spacing=&#8221;-0.02em&#8221; header_2_line_height=&#8221;1.2em&#8221; text_orientation=&#8221;center&#8221; custom_margin=&#8221;||10px||false|false&#8221; header_2_font_size_tablet=&#8221;32px&#8221; header_2_font_size_phone=&#8221;20px&#8221; header_2_font_size_last_edited=&#8221;on|phone&#8221; locked=&#8221;off&#8221; global_colors_info=&#8221;{}&#8221;]<\/p>\n<h2 class=\"et_pb_module_header et-fb-editable-element et-fb-editable-element__editing\" data-shortcode-id=\"1.0.0.6-1650909800113\" data-quickaccess-id=\"header\" contenteditable=\"true\"><span style=\"color: #ffffff;\">Worship your chef above all else<\/span><\/h2>\n<p>[\/et_pb_text][et_pb_text _builder_version=&#8221;4.17.0&#8243; _module_preset=&#8221;default&#8221; text_text_color=&#8221;#FFFFFF&#8221; header_text_color=&#8221;#FFFFFF&#8221; header_2_font=&#8221;Questrial||||||||&#8221; header_2_text_color=&#8221;#FFFFFF&#8221; header_2_font_size=&#8221;25px&#8221; header_2_letter_spacing=&#8221;-0.02em&#8221; header_2_line_height=&#8221;1.1em&#8221; text_orientation=&#8221;center&#8221; custom_margin=&#8221;||10px||false|false&#8221; header_2_font_size_tablet=&#8221;32px&#8221; header_2_font_size_phone=&#8221;20px&#8221; header_2_font_size_last_edited=&#8221;on|phone&#8221; locked=&#8221;off&#8221; global_colors_info=&#8221;{}&#8221; content__hover_enabled=&#8221;off|hover&#8221;]<\/p>\n<h2 class=\"et_pb_module_header et-fb-editable-element et-fb-editable-element__editing\" data-shortcode-id=\"1.0.0.16-1650909800713\" data-quickaccess-id=\"header\" contenteditable=\"true\">Cooking like a god and taking you to heaven\u2014that\u2019s their gift. Great chefs are the new rock stars. Love them.<\/h2>\n<p>[\/et_pb_text][\/et_pb_column][et_pb_column type=&#8221;1_3&#8243; _builder_version=&#8221;4.17.0&#8243; _module_preset=&#8221;default&#8221; background_color=&#8221;#3f896f&#8221; background_image=&#8221;https:\/\/www.valenciaculinaryfestival.es\/wp-content\/uploads\/camarero.jpg&#8221; background_blend=&#8221;multiply&#8221; custom_padding=&#8221;200px|50px|80px|50px|false|true&#8221; custom_padding_tablet=&#8221;240px|40px|40px|40px|false|true&#8221; custom_padding_phone=&#8221;200px|20px|20px|20px|false|true&#8221; custom_padding_last_edited=&#8221;on|phone&#8221; global_colors_info=&#8221;{}&#8221;][et_pb_text _builder_version=&#8221;4.17.0&#8243; _module_preset=&#8221;default&#8221; header_text_color=&#8221;#000000&#8243; header_2_font=&#8221;Questrial|700|||||||&#8221; header_2_text_color=&#8221;#000000&#8243; header_2_font_size=&#8221;43px&#8221; header_2_letter_spacing=&#8221;-0.02em&#8221; header_2_line_height=&#8221;1.2em&#8221; text_orientation=&#8221;center&#8221; custom_margin=&#8221;||10px||false|false&#8221; header_2_font_size_tablet=&#8221;32px&#8221; header_2_font_size_phone=&#8221;20px&#8221; header_2_font_size_last_edited=&#8221;on|phone&#8221; locked=&#8221;off&#8221; global_colors_info=&#8221;{}&#8221;]<\/p>\n<h2 class=\"et_pb_module_header et-fb-editable-element et-fb-editable-element__editing\" data-shortcode-id=\"1.0.0.8-1650909800232\" data-quickaccess-id=\"header\" contenteditable=\"true\"><span style=\"color: #ffffff;\">The front-of-house team is your oracle<\/span><\/h2>\n<p>[\/et_pb_text][et_pb_text _builder_version=&#8221;4.17.0&#8243; _module_preset=&#8221;default&#8221; header_text_color=&#8221;#000000&#8243; header_2_font=&#8221;Questrial||||||||&#8221; header_2_text_color=&#8221;#000000&#8243; header_2_font_size=&#8221;25px&#8221; header_2_letter_spacing=&#8221;-0.02em&#8221; header_2_line_height=&#8221;1.1em&#8221; text_orientation=&#8221;center&#8221; custom_margin=&#8221;||10px||false|false&#8221; header_2_font_size_tablet=&#8221;32px&#8221; header_2_font_size_phone=&#8221;20px&#8221; header_2_font_size_last_edited=&#8221;on|phone&#8221; locked=&#8221;off&#8221; global_colors_info=&#8221;{}&#8221; content__hover_enabled=&#8221;off|hover&#8221;]<\/p>\n<h2 class=\"et_pb_module_header et-fb-editable-element et-fb-editable-element__editing\" data-shortcode-id=\"1.0.0.16-1650909800713\" data-quickaccess-id=\"header\" contenteditable=\"true\"><span style=\"color: #ffffff;\">They know what you want before you do. Trust them blindly.<\/span><\/h2>\n<p>[\/et_pb_text][\/et_pb_column][et_pb_column type=&#8221;1_3&#8243; _builder_version=&#8221;4.17.0&#8243; _module_preset=&#8221;default&#8221; background_color=&#8221;#66bbdd&#8221; background_image=&#8221;https:\/\/www.valenciaculinaryfestival.es\/wp-content\/uploads\/huerta.jpg&#8221; background_blend=&#8221;multiply&#8221; custom_padding=&#8221;200px|50px|80px|50px|false|true&#8221; custom_padding_tablet=&#8221;240px|40px|40px|40px|false|true&#8221; custom_padding_phone=&#8221;200px|20px|20px|20px|false|true&#8221; custom_padding_last_edited=&#8221;on|phone&#8221; global_colors_info=&#8221;{}&#8221;][et_pb_text _builder_version=&#8221;4.17.0&#8243; _module_preset=&#8221;default&#8221; header_text_color=&#8221;#000000&#8243; header_2_font=&#8221;Questrial|700|||||||&#8221; header_2_text_color=&#8221;#000000&#8243; header_2_font_size=&#8221;43px&#8221; header_2_letter_spacing=&#8221;-0.02em&#8221; header_2_line_height=&#8221;1.2em&#8221; text_orientation=&#8221;center&#8221; custom_margin=&#8221;||10px||false|false&#8221; header_2_font_size_tablet=&#8221;32px&#8221; header_2_font_size_phone=&#8221;20px&#8221; header_2_font_size_last_edited=&#8221;on|phone&#8221; locked=&#8221;off&#8221; global_colors_info=&#8221;{}&#8221;]<\/p>\n<h2 class=\"et_pb_module_header et-fb-editable-element et-fb-editable-element__editing\" data-shortcode-id=\"1.0.0.12-1650909800469\" data-quickaccess-id=\"header\" contenteditable=\"true\"><span style=\"color: #ffffff;\">Honor the hands that grow the ingredients<\/span><\/h2>\n<p>[\/et_pb_text][et_pb_text _builder_version=&#8221;4.17.0&#8243; _module_preset=&#8221;default&#8221; header_text_color=&#8221;#000000&#8243; header_2_font=&#8221;Questrial||||||||&#8221; header_2_text_color=&#8221;#000000&#8243; header_2_font_size=&#8221;25px&#8221; header_2_letter_spacing=&#8221;-0.02em&#8221; header_2_line_height=&#8221;1.1em&#8221; text_orientation=&#8221;center&#8221; custom_margin=&#8221;||10px||false|false&#8221; header_2_font_size_tablet=&#8221;32px&#8221; header_2_font_size_phone=&#8221;20px&#8221; header_2_font_size_last_edited=&#8221;on|phone&#8221; locked=&#8221;off&#8221; global_colors_info=&#8221;{}&#8221; content__hover_enabled=&#8221;off|hover&#8221;]<\/p>\n<h2 class=\"et_pb_module_header et-fb-editable-element et-fb-editable-element__editing\" data-shortcode-id=\"1.0.0.16-1650909800713\" data-quickaccess-id=\"header\" contenteditable=\"true\"><span style=\"color: #ffffff;\">From land or sea, without producers there is no menu to savor, no aroma to get lost in.<\/span><\/h2>\n<p>[\/et_pb_text][\/et_pb_column][\/et_pb_row][et_pb_row column_structure=&#8221;1_3,1_3,1_3&#8243; use_custom_gutter=&#8221;on&#8221; gutter_width=&#8221;1&#8243; make_equal=&#8221;on&#8221; _builder_version=&#8221;4.17.0&#8243; _module_preset=&#8221;default&#8221; width=&#8221;100%&#8221; max_width=&#8221;none&#8221; custom_padding=&#8221;0px||0px||false|false&#8221; global_colors_info=&#8221;{}&#8221;][et_pb_column type=&#8221;1_3&#8243; _builder_version=&#8221;4.17.0&#8243; _module_preset=&#8221;default&#8221; background_color=&#8221;#66bbdd&#8221; background_image=&#8221;https:\/\/www.valenciaculinaryfestival.es\/wp-content\/uploads\/Rabo-de-atun.jpg&#8221; background_blend=&#8221;multiply&#8221; custom_padding=&#8221;200px|50px|80px|50px|false|true&#8221; custom_padding_tablet=&#8221;240px|40px|40px|40px|false|true&#8221; custom_padding_phone=&#8221;200px|20px|20px|20px|false|true&#8221; custom_padding_last_edited=&#8221;on|phone&#8221; global_colors_info=&#8221;{}&#8221;][et_pb_text _builder_version=&#8221;4.17.0&#8243; _module_preset=&#8221;default&#8221; header_text_color=&#8221;#000000&#8243; header_2_font=&#8221;Questrial|700|||||||&#8221; header_2_text_color=&#8221;#000000&#8243; header_2_font_size=&#8221;43px&#8221; header_2_letter_spacing=&#8221;-0.02em&#8221; header_2_line_height=&#8221;1.2em&#8221; text_orientation=&#8221;center&#8221; custom_margin=&#8221;||10px||false|false&#8221; header_2_font_size_tablet=&#8221;32px&#8221; header_2_font_size_phone=&#8221;20px&#8221; header_2_font_size_last_edited=&#8221;on|phone&#8221; locked=&#8221;off&#8221; global_colors_info=&#8221;{}&#8221;]<\/p>\n<h2 class=\"et_pb_module_header et-fb-editable-element et-fb-editable-element__editing\" data-shortcode-id=\"1.0.0.16-1650909800713\" data-quickaccess-id=\"header\" contenteditable=\"true\"><span style=\"color: #ffffff;\">Every palate deserves pleasure<\/span><\/h2>\n<p>[\/et_pb_text][et_pb_text _builder_version=&#8221;4.17.0&#8243; _module_preset=&#8221;default&#8221; text_text_color=&#8221;#FFFFFF&#8221; header_text_color=&#8221;#FFFFFF&#8221; header_2_font=&#8221;Questrial||||||||&#8221; header_2_text_color=&#8221;#FFFFFF&#8221; header_2_font_size=&#8221;25px&#8221; header_2_letter_spacing=&#8221;-0.02em&#8221; header_2_line_height=&#8221;1.1em&#8221; text_orientation=&#8221;center&#8221; custom_margin=&#8221;||10px||false|false&#8221; header_2_font_size_tablet=&#8221;32px&#8221; header_2_font_size_phone=&#8221;20px&#8221; header_2_font_size_last_edited=&#8221;on|phone&#8221; locked=&#8221;off&#8221; global_colors_info=&#8221;{}&#8221; content__hover_enabled=&#8221;off|hover&#8221;]<\/p>\n<h2 class=\"et_pb_module_header et-fb-editable-element et-fb-editable-element__editing\" data-shortcode-id=\"1.0.0.16-1650909800713\" data-quickaccess-id=\"header\" contenteditable=\"true\">No matter where you come from, whether you\u2019ve tried it before or not, haute cuisine belongs to you too.<\/h2>\n<p>[\/et_pb_text][\/et_pb_column][et_pb_column type=&#8221;1_3&#8243; _builder_version=&#8221;4.17.0&#8243; _module_preset=&#8221;default&#8221; background_color=&#8221;#2674b5&#8243; background_image=&#8221;https:\/\/www.valenciaculinaryfestival.es\/wp-content\/uploads\/restaurantes-2.jpg&#8221; background_blend=&#8221;multiply&#8221; custom_padding=&#8221;200px|50px|80px|50px|false|true&#8221; custom_padding_tablet=&#8221;240px|40px|40px|40px|false|true&#8221; custom_padding_phone=&#8221;200px|20px|20px|20px|false|true&#8221; custom_padding_last_edited=&#8221;on|phone&#8221; global_colors_info=&#8221;{}&#8221;][et_pb_text _builder_version=&#8221;4.17.0&#8243; _module_preset=&#8221;default&#8221; header_text_color=&#8221;#000000&#8243; header_2_font=&#8221;Questrial|700|||||||&#8221; header_2_text_color=&#8221;#000000&#8243; header_2_font_size=&#8221;40px&#8221; header_2_letter_spacing=&#8221;-0.02em&#8221; header_2_line_height=&#8221;1.2em&#8221; text_orientation=&#8221;center&#8221; custom_margin=&#8221;||10px||false|false&#8221; header_2_font_size_tablet=&#8221;32px&#8221; header_2_font_size_phone=&#8221;20px&#8221; header_2_font_size_last_edited=&#8221;on|phone&#8221; locked=&#8221;off&#8221; global_colors_info=&#8221;{}&#8221;]<\/p>\n<h2 class=\"et_pb_module_header et-fb-editable-element et-fb-editable-element__editing\" data-shortcode-id=\"1.0.0.14-1650909800599\" data-quickaccess-id=\"header\" contenteditable=\"true\"><span style=\"color: #ffffff;\">The restaurant is your new temple of discovery<\/span><\/h2>\n<p>[\/et_pb_text][et_pb_text _builder_version=&#8221;4.17.0&#8243; _module_preset=&#8221;default&#8221; header_text_color=&#8221;#000000&#8243; header_2_font=&#8221;Questrial||||||||&#8221; header_2_text_color=&#8221;#000000&#8243; header_2_font_size=&#8221;25px&#8221; header_2_letter_spacing=&#8221;-0.02em&#8221; header_2_line_height=&#8221;1.1em&#8221; text_orientation=&#8221;center&#8221; custom_margin=&#8221;||10px||false|false&#8221; header_2_font_size_tablet=&#8221;32px&#8221; header_2_font_size_phone=&#8221;20px&#8221; header_2_font_size_last_edited=&#8221;on|phone&#8221; locked=&#8221;off&#8221; global_colors_info=&#8221;{}&#8221; content__hover_enabled=&#8221;off|hover&#8221;]<\/p>\n<h2 class=\"et_pb_module_header et-fb-editable-element et-fb-editable-element__editing\" data-shortcode-id=\"1.0.0.16-1650909800713\" data-quickaccess-id=\"header\" contenteditable=\"true\"><span style=\"color: #ffffff;\">Be inspired. Be surprised. Lose yourself in your own pleasure.<\/span><\/h2>\n<p>[\/et_pb_text][\/et_pb_column][et_pb_column type=&#8221;1_3&#8243; _builder_version=&#8221;4.17.0&#8243; _module_preset=&#8221;default&#8221; background_color=&#8221;#b0b0a9&#8243; background_image=&#8221;https:\/\/www.valenciaculinaryfestival.es\/wp-content\/uploads\/vino.jpg&#8221; background_blend=&#8221;multiply&#8221; custom_padding=&#8221;200px|50px|80px|50px|false|true&#8221; custom_padding_tablet=&#8221;240px|40px|40px|40px|false|true&#8221; custom_padding_phone=&#8221;200px|20px|20px|20px|false|true&#8221; custom_padding_last_edited=&#8221;on|phone&#8221; global_colors_info=&#8221;{}&#8221;][et_pb_text _builder_version=&#8221;4.17.0&#8243; _module_preset=&#8221;default&#8221; header_text_color=&#8221;#000000&#8243; header_2_font=&#8221;Questrial|700|||||||&#8221; header_2_text_color=&#8221;#000000&#8243; header_2_font_size=&#8221;43px&#8221; header_2_letter_spacing=&#8221;-0.02em&#8221; header_2_line_height=&#8221;1.2em&#8221; text_orientation=&#8221;center&#8221; custom_margin=&#8221;||10px||false|false&#8221; header_2_font_size_tablet=&#8221;32px&#8221; header_2_font_size_phone=&#8221;20px&#8221; header_2_font_size_last_edited=&#8221;on|phone&#8221; locked=&#8221;off&#8221; global_colors_info=&#8221;{}&#8221;]<\/p>\n<h2 class=\"et_pb_module_header et-fb-editable-element et-fb-editable-element__editing\" data-shortcode-id=\"1.0.0.12-1650909800469\" data-quickaccess-id=\"header\" contenteditable=\"true\"><span style=\"color: #ffffff;\">Always keep your glass half full<\/span><\/h2>\n<p>[\/et_pb_text][et_pb_text _builder_version=&#8221;4.17.0&#8243; _module_preset=&#8221;default&#8221; header_text_color=&#8221;#000000&#8243; header_2_font=&#8221;Questrial||||||||&#8221; header_2_text_color=&#8221;#000000&#8243; header_2_font_size=&#8221;25px&#8221; header_2_letter_spacing=&#8221;-0.02em&#8221; header_2_line_height=&#8221;1.1em&#8221; text_orientation=&#8221;center&#8221; custom_margin=&#8221;||10px||false|false&#8221; header_2_font_size_tablet=&#8221;32px&#8221; header_2_font_size_phone=&#8221;20px&#8221; header_2_font_size_last_edited=&#8221;on|phone&#8221; locked=&#8221;off&#8221; global_colors_info=&#8221;{}&#8221; content__hover_enabled=&#8221;off|hover&#8221;]<\/p>\n<h2 class=\"et_pb_module_header et-fb-editable-element et-fb-editable-element__editing\" data-shortcode-id=\"1.0.0.16-1650909800713\" data-quickaccess-id=\"header\" contenteditable=\"true\"><span style=\"color: #ffffff;\">The best dish, the deepest glance, the most interesting debate\u2026 everything is better with a wine that pairs perfectly.<\/span><\/h2>\n<p>[\/et_pb_text][\/et_pb_column][\/et_pb_row][\/et_pb_section]<\/p>\n","protected":false},"excerpt":{"rendered":"<p>ManifestOValencia Culinary FestivalPerfection does existYou can\u2019t ignore it. You can\u2019t live on the sidelines. Enjoy it. But beware: once you taste it, every other flavor will seem mediocreIt\u2019s not just what you eat, but who you share it withShared delights create bonds that last forever.Courage is made, not givenThe new belongs to those who dare. [&hellip;]<\/p>\n","protected":false},"author":1,"featured_media":0,"parent":0,"menu_order":0,"comment_status":"closed","ping_status":"closed","template":"","meta":{"_et_pb_use_builder":"on","_et_pb_old_content":"<p>[av_one_full first min_height='' vertical_alignment='av-align-top' space='' margin='0px' margin_sync='true' row_boxshadow_color='' row_boxshadow_width='10' link='manually,https:\/\/www.valenciaculinaryfestival.es\/programacionvalencia-culinary-festival-2020\/' linktarget='' link_hover='' padding='0px' padding_sync='true' highlight_size='1.1' border='' border_color='' radius='0px' radius_sync='true' column_boxshadow_color='' column_boxshadow_width='10' background='bg_color' background_color='' background_gradient_color1='' background_gradient_color2='' background_gradient_direction='vertical' src='' attachment='' attachment_size='' background_position='top left' background_repeat='no-repeat' animation='' mobile_breaking='' mobile_display='' av_uid='av-2u4pf']<br \/>[av_slideshow size='no scaling' animation='fade' conditional_play='' autoplay='true' interval='2' control_layout='av-control-default' av_uid='av-k3q4qgor']<br \/>[av_slide id='2619' av_uid='av-pzee4' slide_type='' video='https:\/\/' mobile_image='' fallback_link='http:\/\/' video_ratio='16:9' video_controls='' video_mute='' video_loop='' video_autoplay='' title='' link_apply='' link='' link_target='' av-medium-font-size-title='' av-small-font-size-title='' av-mini-font-size-title='' av-medium-font-size='' av-small-font-size='' av-mini-font-size=''][\/av_slide]<br \/>[av_slide id='2620' av_uid='av-6dppvw' slide_type='' video='https:\/\/' mobile_image='' fallback_link='http:\/\/' video_ratio='16:9' video_controls='' video_mute='' video_loop='' video_autoplay='' title='' link_apply='' link='' link_target='' av-medium-font-size-title='' av-small-font-size-title='' av-mini-font-size-title='' av-medium-font-size='' av-small-font-size='' av-mini-font-size=''][\/av_slide]<br \/>[av_slide id='2621' av_uid='av-g9e30' slide_type='' video='https:\/\/' mobile_image='' fallback_link='http:\/\/' video_ratio='16:9' video_controls='' video_mute='' video_loop='' video_autoplay='' title='' link_apply='' link='' link_target='' av-medium-font-size-title='' av-small-font-size-title='' av-mini-font-size-title='' av-medium-font-size='' av-small-font-size='' av-mini-font-size=''][\/av_slide]<br \/>[av_slide id='2622' av_uid='av-2afxos' slide_type='' video='https:\/\/' mobile_image='' fallback_link='http:\/\/' video_ratio='16:9' video_controls='' video_mute='' video_loop='' video_autoplay='' title='' link_apply='' link='' link_target='' av-medium-font-size-title='' av-small-font-size-title='' av-mini-font-size-title='' av-medium-font-size='' av-small-font-size='' av-mini-font-size=''][\/av_slide]<br \/>[\/av_slideshow]<br \/>[\/av_one_full]<\/p><p>[av_hr class='invisible' height='50' shadow='no-shadow' position='center' custom_border='av-border-thin' custom_width='50px' custom_border_color='' custom_margin_top='30px' custom_margin_bottom='30px' icon_select='yes' custom_icon_color='' icon='ue808' font='entypo-fontello' av_uid='av-k44jbhx2' admin_preview_bg='']<\/p><p>[av_one_third first min_height='' vertical_alignment='' space='' custom_margin='' margin='0px' row_boxshadow='' row_boxshadow_color='' row_boxshadow_width='10' link='' linktarget='' link_hover='' padding='0px' highlight='' highlight_size='' border='' border_color='' radius='0px' column_boxshadow='' column_boxshadow_color='' column_boxshadow_width='10' background='bg_color' background_color='' background_gradient_color1='' background_gradient_color2='' background_gradient_direction='vertical' src='' background_position='top left' background_repeat='no-repeat' animation='' mobile_breaking='' mobile_display='' av_uid='av-620p3']<br \/>[av_textblock size='18' font_color='' color='' av-medium-font-size='' av-small-font-size='' av-mini-font-size='' av_uid='av-k44jnc57' admin_preview_bg='']<\/p><h1><strong>EDICI\u00d3N ESPECIAL<br \/>VALENCIA CULINARY 2021<\/strong><\/h1><div data-canvas-width=\"203.59999999999997\">\u00a0<\/div><div data-canvas-width=\"362.4400000000001\"><span style=\"color: #000;\"><strong>Este 2021 el Valencia Culinary ser\u00e1 m\u00e1s especial que nunca. Hemos preparado un festival m\u00e1s \u00edntimo y reflexivo, donde poner sobre la mesa temas de relieve que afectan al mundo de la gastronom\u00eda, para\u00a0consolidar a la Comunitat Valenciana como destino gastron\u00f3mico de excelencia.<\/strong><\/span><\/div><div data-canvas-width=\"362.4400000000001\"><div data-canvas-width=\"566.2400000000001\"><span style=\"color: #000;\"><strong>La sala, la sostenibilidad y las experiencias gastron\u00f3micas singulares vertebran la edici\u00f3n especial del Valencia Culinary 2021.<\/strong><\/span><\/div><\/div><div data-canvas-width=\"294.04000000000013\">\u00a0<\/div><p>[\/av_textblock]<\/p><p>[av_hr class='invisible' height='50' shadow='no-shadow' position='center' custom_border='av-border-thin' custom_width='50px' custom_border_color='' custom_margin_top='30px' custom_margin_bottom='30px' icon_select='yes' custom_icon_color='' icon='ue808' font='entypo-fontello' av_uid='av-k44jbhx2' admin_preview_bg='']<\/p><p>[av_textblock size='' font_color='' color='' av-medium-font-size='' av-small-font-size='' av-mini-font-size='' av_uid='av-k44jnc57' admin_preview_bg='']<\/p><blockquote><p style=\"text-align: left;\"><span style=\"color: #000000;\">En la Comunitat Valenciana, el lugar que nos une, hay una gastronom\u00eda que nos mueve.\u00a0<\/span><span style=\"color: #000000;\">Nos mueve el encuentro y el intercambio entre quienes compartimos la inquietud por la alta gastronom\u00eda.\u00a0\u00a0<\/span><span style=\"color: #000000;\">Nos mueve la cultura, que une a productores, cocineros, camareros y comensales en el arte de la mesa.\u00a0<\/span><span style=\"color: #000000;\">Nos mueven las personas que perseveran cada d\u00eda para llevar la cocina a los altares.\u00a0<\/span><span style=\"color: #000000;\">Nos mueve la tradici\u00f3n, porque sin ella no ser\u00edamos lo que somos.\u00a0<\/span><span style=\"color: #000000;\">Nos mueve la sostenibilidad, que permite crear y creer en un futuro mejor.\u00a0<\/span><span style=\"color: #000000;\">Y, como es natural, en esta tierra mediterr\u00e1nea y hedonista, nos mueve especialmente el placer de disfrutar y compartir con la gente lo que m\u00e1s nos gusta; con nuestra gente y con lo que nos visita.<\/span><\/p><\/blockquote><p>[\/av_textblock]<\/p><p>[av_hr class='invisible' height='50' shadow='no-shadow' position='center' custom_border='av-border-thin' custom_width='50px' custom_border_color='' custom_margin_top='30px' custom_margin_bottom='30px' icon_select='yes' custom_icon_color='' icon='ue808' font='entypo-fontello' av_uid='av-k44jbhx2' admin_preview_bg='']<\/p><p>[av_textblock size='14' font_color='custom' color='#000000' av-medium-font-size='' av-small-font-size='' av-mini-font-size='' av_uid='av-jr7ydtvp' admin_preview_bg='']<br \/><em>Valencia Culinary Festival es una iniciativa de la <a href=\"https:\/\/valenciapremium.com\/\" target=\"_blank\" rel=\"noopener\">Asociaci\u00f3n Empresarial Valencia Premium<\/a><\/em><br \/>[\/av_textblock]<br \/>[\/av_one_third]<\/p><p>[av_two_third min_height='' vertical_alignment='' space='' custom_margin='' margin='0px' row_boxshadow='' row_boxshadow_color='' row_boxshadow_width='10' link='' linktarget='' link_hover='' padding='0px' highlight='' highlight_size='' border='' border_color='' radius='0px' column_boxshadow='' column_boxshadow_color='' column_boxshadow_width='10' background='bg_color' background_color='' background_gradient_color1='' background_gradient_color2='' background_gradient_direction='vertical' src='' background_position='top left' background_repeat='no-repeat' animation='' mobile_breaking='' mobile_display='' av_uid='av-620p3']<br \/>[av_image src='https:\/\/www.valenciaculinaryfestival.es\/wp-content\/uploads\/valencia-culinary-festival.-La-Noche-de-la-Gastronomia-2020.jpg' attachment='2625' attachment_size='full' align='center' styling='' hover='' link='' target='' caption='' font_size='' appearance='' overlay_opacity='0.4' overlay_color='#000000' overlay_text_color='#ffffff' copyright='' animation='no-animation' av_uid='av-kq286q15' admin_preview_bg=''][\/av_image]<\/p><p>[av_image src='https:\/\/www.valenciaculinaryfestival.es\/wp-content\/uploads\/restaurante-riff-valencia-culinary-festival.jpg' attachment='332' attachment_size='full' align='center' styling='' hover='' link='' target='' caption='' font_size='' appearance='' overlay_opacity='0.4' overlay_color='#000000' overlay_text_color='#ffffff' copyright='' animation='no-animation' av_uid='av-kq286q15' admin_preview_bg=''][\/av_image]<br \/>[\/av_two_third]<\/p><p>[av_one_third first min_height='' vertical_alignment='' space='' custom_margin='' margin='0px' row_boxshadow='' row_boxshadow_color='' row_boxshadow_width='10' link='' linktarget='' link_hover='' padding='0px' highlight='' highlight_size='' border='' border_color='' radius='0px' column_boxshadow='' column_boxshadow_color='' column_boxshadow_width='10' background='bg_color' background_color='' background_gradient_color1='' background_gradient_color2='' background_gradient_direction='vertical' src='' background_position='top left' background_repeat='no-repeat' animation='' mobile_breaking='' mobile_display='' av_uid='av-620p3'][\/av_one_third]<\/p><p>[av_one_third min_height='' vertical_alignment='' space='' custom_margin='' margin='0px' row_boxshadow='' row_boxshadow_color='' row_boxshadow_width='10' link='' linktarget='' link_hover='' padding='0px' highlight='' highlight_size='' border='' border_color='' radius='0px' column_boxshadow='' column_boxshadow_color='' column_boxshadow_width='10' background='bg_color' background_color='' background_gradient_color1='' background_gradient_color2='' background_gradient_direction='vertical' src='' background_position='top left' background_repeat='no-repeat' animation='' mobile_breaking='' mobile_display='' av_uid='av-620p3'][\/av_one_third]<\/p><p>[av_one_third min_height='' vertical_alignment='' space='' custom_margin='' margin='0px' row_boxshadow='' row_boxshadow_color='' row_boxshadow_width='10' link='' linktarget='' link_hover='' padding='0px' highlight='' highlight_size='' border='' border_color='' radius='0px' column_boxshadow='' column_boxshadow_color='' column_boxshadow_width='10' background='bg_color' background_color='' background_gradient_color1='' background_gradient_color2='' background_gradient_direction='vertical' src='' background_position='top left' background_repeat='no-repeat' animation='' mobile_breaking='' mobile_display='' av_uid='av-620p3'][\/av_one_third]<\/p><p>[av_hr class='invisible' height='50' shadow='no-shadow' position='center' custom_border='av-border-thin' custom_width='50px' custom_border_color='' custom_margin_top='30px' custom_margin_bottom='30px' icon_select='yes' custom_icon_color='' icon='ue808' font='entypo-fontello' av_uid='av-k44jbhx2' admin_preview_bg='']<\/p><p>[av_one_half first min_height='' vertical_alignment='' space='' custom_margin='' margin='0px' row_boxshadow='' row_boxshadow_color='' row_boxshadow_width='10' link='' linktarget='' link_hover='' padding='0px' highlight='' highlight_size='' border='' border_color='' radius='0px' column_boxshadow='' column_boxshadow_color='' column_boxshadow_width='10' background='bg_color' background_color='' background_gradient_color1='' background_gradient_color2='' background_gradient_direction='vertical' src='' background_position='top left' background_repeat='no-repeat' animation='' mobile_breaking='' mobile_display='' av_uid='av-620p3']<br \/>[av_textblock size='14' font_color='' color='' av-medium-font-size='' av-small-font-size='' av-mini-font-size='' av_uid='av-k44jnc57' admin_preview_bg='']<\/p><h2><strong><span style=\"color: #008000;\">Gastronom\u00eda Sostenible<\/span><\/strong><\/h2><p><span style=\"color: #333333;\">La sostenibilidad en la gastronom\u00eda se ha convertido en uno de los v\u00e9rtices sobre los que se apoyan las propuestas culinarias de muchos chefs valencianos, y para conmemorar el d\u00eda de la Gastronom\u00eda Sostenible, los restaurantes El Poblet, Casa Monta\u00f1a, Apicius, RIFF, Ricard Camarena, Sucursal y Ampar nos muestran c\u00f3mo trabajan ya en c\u00f3digo sostenible.<\/span><\/p><p><span style=\"color: #333333;\">En las diferentes recetas recogen 4 conceptos claves. \u201cNose to Tail\u201d, aprovechamiento, la conservaci\u00f3n de tradiciones culinarias, y el apoyo a productores locales, consumiendo en org\u00e1nico y productos de temporada.<\/span><br \/>[\/av_textblock]<\/p><p>[av_hr class='invisible' height='50' shadow='no-shadow' position='center' custom_border='av-border-thin' custom_width='50px' custom_border_color='' custom_margin_top='30px' custom_margin_bottom='30px' icon_select='yes' custom_icon_color='' icon='ue808' font='entypo-fontello' av_uid='av-k44jbhx2' admin_preview_bg='']<\/p><p>[av_button label='Ver Recetas de Aprovechamiento' link='manually,https:\/\/www.valenciaculinaryfestival.es\/recetas-de-aprovechamiento-gastronomia-sostenible\/' link_target='' size='small' position='right' label_display='' icon_select='no' icon='ue800' font='entypo-fontello' color='theme-color' custom_bg='#444444' custom_font='#ffffff' av_uid='av-kq273h8b' admin_preview_bg='']<br \/>[\/av_one_half]<\/p><p>[av_one_half min_height='' vertical_alignment='' space='' custom_margin='' margin='0px' row_boxshadow='' row_boxshadow_color='' row_boxshadow_width='10' link='' linktarget='' link_hover='' padding='0px' highlight='' highlight_size='' border='' border_color='' radius='0px' column_boxshadow='' column_boxshadow_color='' column_boxshadow_width='10' background='bg_color' background_color='' background_gradient_color1='' background_gradient_color2='' background_gradient_direction='vertical' src='' background_position='top left' background_repeat='no-repeat' animation='' mobile_breaking='' mobile_display='' av_uid='av-5quzz']<br \/>[av_image src='https:\/\/www.valenciaculinaryfestival.es\/wp-content\/uploads\/Restaurante-El-Poblet.-Receta-de-aprovechamiento-1.png' attachment='2908' attachment_size='full' align='center' styling='' hover='' link='' target='' caption='' font_size='' appearance='' overlay_opacity='0.4' overlay_color='#000000' overlay_text_color='#ffffff' copyright='' animation='no-animation' av_uid='av-jr80nxdg' admin_preview_bg=''][\/av_image]<br \/>[\/av_one_half]<\/p><p>[av_one_half first min_height='' vertical_alignment='' space='' custom_margin='' margin='0px' row_boxshadow='' row_boxshadow_color='' row_boxshadow_width='10' link='' linktarget='' link_hover='' padding='0px' highlight='' highlight_size='' border='' border_color='' radius='0px' column_boxshadow='' column_boxshadow_color='' column_boxshadow_width='10' background='bg_color' background_color='' background_gradient_color1='' background_gradient_color2='' background_gradient_direction='vertical' src='' background_position='top left' background_repeat='no-repeat' animation='' mobile_breaking='' mobile_display='' av_uid='av-620p3']<br \/>[av_textblock size='14' font_color='' color='' av-medium-font-size='' av-small-font-size='' av-mini-font-size='' av_uid='av-k44jnc57' admin_preview_bg='']<\/p><h2><strong><span style=\"color: #008000;\">Foro de la Sala<\/span><\/strong><\/h2><div data-canvas-width=\"566.3066666666665\"><p><span style=\"color: #333333;\">Tras la buena acogida el a\u00f1o pasado del debate \u201cLa sala. Todo un mundo por\u00a0descubrir\u201d, este 2021, se realizar\u00e1n diferentes desayunos networking en donde\u00a0camareros,\u00a0sommeliers\u00a0y jefes de sala pondr\u00e1n en com\u00fan temas relacionados con\u00a0su profesi\u00f3n como la formaci\u00f3n, la vocaci\u00f3n y la profesionalizaci\u00f3n del sector.\u00a0 Esta\u00a0iniciativa pretende, entre otros objetivos, dar visibilidad y reivindicar la importancia de la profesi\u00f3n de camarero, tan afectada por la coyuntura actual.<\/span><\/p><\/div><div data-canvas-width=\"255.1066666666667\">\u00a0<\/div><p>[\/av_textblock]<\/p><p>[av_hr class='invisible' height='50' shadow='no-shadow' position='center' custom_border='av-border-thin' custom_width='50px' custom_border_color='' custom_margin_top='30px' custom_margin_bottom='30px' icon_select='yes' custom_icon_color='' icon='ue808' font='entypo-fontello' av_uid='av-k44jbhx2' admin_preview_bg='']<\/p><p>[av_button label='M\u00e1s Sobre el Foro de Sala' link='manually,https:\/\/www.valenciaculinaryfestival.es\/primer-encuentro-de-la-sala-de-la-comunitat-valenciana\/' link_target='' size='small' position='right' label_display='' icon_select='no' icon='ue800' font='entypo-fontello' color='theme-color' custom_bg='#444444' custom_font='#ffffff' av_uid='av-kq273h8b' admin_preview_bg='']<br \/>[\/av_one_half]<\/p><p>[av_one_half min_height='' vertical_alignment='' space='' custom_margin='' margin='0px' row_boxshadow='' row_boxshadow_color='' row_boxshadow_width='10' link='' linktarget='' link_hover='' padding='0px' highlight='' highlight_size='' border='' border_color='' radius='0px' column_boxshadow='' column_boxshadow_color='' column_boxshadow_width='10' background='bg_color' background_color='' background_gradient_color1='' background_gradient_color2='' background_gradient_direction='vertical' src='' background_position='top left' background_repeat='no-repeat' animation='' mobile_breaking='' mobile_display='' av_uid='av-5quzz']<br \/>[av_image src='https:\/\/www.valenciaculinaryfestival.es\/wp-content\/uploads\/REDES-SOCIALES-46.jpg' attachment='2845' attachment_size='full' align='center' styling='' hover='' link='' target='' caption='' font_size='' appearance='' overlay_opacity='0.4' overlay_color='#000000' overlay_text_color='#ffffff' copyright='' animation='no-animation' av_uid='av-jr80nxdg' admin_preview_bg=''][\/av_image]<br \/>[\/av_one_half]<\/p>","_et_gb_content_width":"","footnotes":""},"class_list":["post-7680","page","type-page","status-publish","hentry"],"_links":{"self":[{"href":"https:\/\/www.valenciaculinaryfestival.es\/en\/wp-json\/wp\/v2\/pages\/7680","targetHints":{"allow":["GET"]}}],"collection":[{"href":"https:\/\/www.valenciaculinaryfestival.es\/en\/wp-json\/wp\/v2\/pages"}],"about":[{"href":"https:\/\/www.valenciaculinaryfestival.es\/en\/wp-json\/wp\/v2\/types\/page"}],"author":[{"embeddable":true,"href":"https:\/\/www.valenciaculinaryfestival.es\/en\/wp-json\/wp\/v2\/users\/1"}],"replies":[{"embeddable":true,"href":"https:\/\/www.valenciaculinaryfestival.es\/en\/wp-json\/wp\/v2\/comments?post=7680"}],"version-history":[{"count":7,"href":"https:\/\/www.valenciaculinaryfestival.es\/en\/wp-json\/wp\/v2\/pages\/7680\/revisions"}],"predecessor-version":[{"id":10131,"href":"https:\/\/www.valenciaculinaryfestival.es\/en\/wp-json\/wp\/v2\/pages\/7680\/revisions\/10131"}],"wp:attachment":[{"href":"https:\/\/www.valenciaculinaryfestival.es\/en\/wp-json\/wp\/v2\/media?parent=7680"}],"curies":[{"name":"wp","href":"https:\/\/api.w.org\/{rel}","templated":true}]}}