{"id":10122,"date":"2022-04-23T19:57:03","date_gmt":"2022-04-23T19:57:03","guid":{"rendered":"https:\/\/www.valenciaculinaryfestival.es\/manifiesto-valencia-culinary-festival\/"},"modified":"2025-09-04T11:23:06","modified_gmt":"2025-09-04T11:23:06","slug":"manifeste-valencia-culinary-festival","status":"publish","type":"page","link":"https:\/\/www.valenciaculinaryfestival.es\/fr\/manifeste-valencia-culinary-festival\/","title":{"rendered":"Manifeste Valencia Culinary Festival"},"content":{"rendered":"<p>[et_pb_section fb_built=\u00a0\u00bb1&Prime; _builder_version=\u00a0\u00bb4.17.0&Prime; _module_preset=\u00a0\u00bbdefault\u00a0\u00bb background_image=\u00a0\u00bbhttps:\/\/www.valenciaculinaryfestival.es\/wp-content\/uploads\/fondo-mercado.jpg\u00a0\u00bb background_enable_video_mp4=\u00a0\u00bboff\u00a0\u00bb min_height=\u00a0\u00bb604.2px\u00a0\u00bb custom_margin=\u00a0\u00bb||-40px||false|false\u00a0\u00bb custom_padding=\u00a0\u00bb230px||0px||false|false\u00a0\u00bb global_colors_info=\u00a0\u00bb{}\u00a0\u00bb][et_pb_row column_structure=\u00a0\u00bb1_2,1_2&Prime; _builder_version=\u00a0\u00bb4.17.0&Prime; _module_preset=\u00a0\u00bbdefault\u00a0\u00bb global_colors_info=\u00a0\u00bb{}\u00a0\u00bb][et_pb_column type=\u00a0\u00bb1_2&Prime; _builder_version=\u00a0\u00bb4.17.0&Prime; _module_preset=\u00a0\u00bbdefault\u00a0\u00bb global_colors_info=\u00a0\u00bb{}\u00a0\u00bb][et_pb_text _builder_version=\u00a0\u00bb4.17.0&Prime; _module_preset=\u00a0\u00bbdefault\u00a0\u00bb header_font=\u00a0\u00bbQuestrial||||||||\u00a0\u00bb header_font_size=\u00a0\u00bb36px\u00a0\u00bb global_colors_info=\u00a0\u00bb{}\u00a0\u00bb]<\/p>\n<h1><span style=\"color: #ffffff;\">Manifeste<br \/>Valencia Culinary Festival<\/span><\/h1>\n<p>[\/et_pb_text][\/et_pb_column][et_pb_column type=\u00a0\u00bb1_2&Prime; _builder_version=\u00a0\u00bb4.17.0&Prime; _module_preset=\u00a0\u00bbdefault\u00a0\u00bb global_colors_info=\u00a0\u00bb{}\u00a0\u00bb][\/et_pb_column][\/et_pb_row][\/et_pb_section][et_pb_section fb_built=\u00a0\u00bb1&Prime; admin_label=\u00a0\u00bbServices\u00a0\u00bb _builder_version=\u00a0\u00bb4.16&Prime; _module_preset=\u00a0\u00bbdefault\u00a0\u00bb background_color=\u00a0\u00bb#E9ECEB\u00a0\u00bb custom_padding=\u00a0\u00bb0px||0px|||\u00a0\u00bb global_colors_info=\u00a0\u00bb{}\u00a0\u00bb][et_pb_row column_structure=\u00a0\u00bb1_3,1_3,1_3&Prime; use_custom_gutter=\u00a0\u00bbon\u00a0\u00bb gutter_width=\u00a0\u00bb1&Prime; make_equal=\u00a0\u00bbon\u00a0\u00bb _builder_version=\u00a0\u00bb4.17.0&Prime; _module_preset=\u00a0\u00bbdefault\u00a0\u00bb width=\u00a0\u00bb100%\u00a0\u00bb max_width=\u00a0\u00bbnone\u00a0\u00bb custom_padding=\u00a0\u00bb0px||0px||false|false\u00a0\u00bb global_colors_info=\u00a0\u00bb{}\u00a0\u00bb][et_pb_column type=\u00a0\u00bb1_3&Prime; _builder_version=\u00a0\u00bb4.17.0&Prime; _module_preset=\u00a0\u00bbdefault\u00a0\u00bb background_color=\u00a0\u00bb#b0b0a9&Prime; background_image=\u00a0\u00bbhttps:\/\/www.valenciaculinaryfestival.es\/wp-content\/uploads\/Tartar-de-Atun-rojo.jpg\u00a0\u00bb background_blend=\u00a0\u00bbmultiply\u00a0\u00bb custom_padding=\u00a0\u00bb200px|50px|80px|50px|false|true\u00a0\u00bb custom_padding_tablet=\u00a0\u00bb240px|40px|40px|40px|false|true\u00a0\u00bb custom_padding_phone=\u00a0\u00bb200px|20px|20px|20px|false|true\u00a0\u00bb custom_padding_last_edited=\u00a0\u00bbon|phone\u00a0\u00bb global_colors_info=\u00a0\u00bb{}\u00a0\u00bb][et_pb_text _builder_version=\u00a0\u00bb4.17.0&Prime; _module_preset=\u00a0\u00bbdefault\u00a0\u00bb header_text_color=\u00a0\u00bb#000000&Prime; header_2_font=\u00a0\u00bbQuestrial|700|||||||\u00a0\u00bb header_2_text_color=\u00a0\u00bb#000000&Prime; header_2_font_size=\u00a0\u00bb43px\u00a0\u00bb header_2_letter_spacing=\u00a0\u00bb-0.02em\u00a0\u00bb header_2_line_height=\u00a0\u00bb1.2em\u00a0\u00bb text_orientation=\u00a0\u00bbcenter\u00a0\u00bb custom_margin=\u00a0\u00bb||10px||false|false\u00a0\u00bb hover_enabled=\u00a0\u00bb0&Prime; header_2_font_size_tablet=\u00a0\u00bb32px\u00a0\u00bb header_2_font_size_phone=\u00a0\u00bb20px\u00a0\u00bb header_2_font_size_last_edited=\u00a0\u00bbon|phone\u00a0\u00bb locked=\u00a0\u00bboff\u00a0\u00bb global_colors_info=\u00a0\u00bb{}\u00a0\u00bb content__hover_enabled=\u00a0\u00bbon|desktop\u00a0\u00bb content__hover=\u00a0\u00bb<\/p>\n<h2 class=%22et_pb_module_header et-fb-editable-element et-fb-editable-element__editing%22 data-shortcode-id=%221.0.0.0-1650909799727%22 data-quickaccess-id=%22header%22 contenteditable=%22true%22><span style=%22color: #ffffff;%22>La perfecci\u00f3n s\u00ed existe<\/span><\/h2>\n<p>\u00a0\u00bb sticky_enabled=\u00a0\u00bb0&Prime;]<\/p>\n<h2 class=\"et_pb_module_header et-fb-editable-element et-fb-editable-element__editing\" data-shortcode-id=\"1.0.0.0-1650909799727\" data-quickaccess-id=\"header\" contenteditable=\"true\"><span style=\"color: #ffffff;\">La perfection existe bel et bien<\/span><\/h2>\n<p>[\/et_pb_text][et_pb_text _builder_version=\u00a0\u00bb4.17.0&Prime; _module_preset=\u00a0\u00bbdefault\u00a0\u00bb header_text_color=\u00a0\u00bb#000000&Prime; header_2_font=\u00a0\u00bbQuestrial||||||||\u00a0\u00bb header_2_text_color=\u00a0\u00bb#000000&Prime; header_2_font_size=\u00a0\u00bb25px\u00a0\u00bb header_2_letter_spacing=\u00a0\u00bb-0.02em\u00a0\u00bb header_2_line_height=\u00a0\u00bb1.1em\u00a0\u00bb text_orientation=\u00a0\u00bbcenter\u00a0\u00bb custom_margin=\u00a0\u00bb||10px||false|false\u00a0\u00bb header_2_font_size_tablet=\u00a0\u00bb32px\u00a0\u00bb header_2_font_size_phone=\u00a0\u00bb20px\u00a0\u00bb header_2_font_size_last_edited=\u00a0\u00bbon|phone\u00a0\u00bb locked=\u00a0\u00bboff\u00a0\u00bb global_colors_info=\u00a0\u00bb{}\u00a0\u00bb content__hover_enabled=\u00a0\u00bboff|hover\u00a0\u00bb]<\/p>\n<h2 class=\"et_pb_module_header et-fb-editable-element et-fb-editable-element__editing\" data-shortcode-id=\"1.0.0.16-1650909800713\" data-quickaccess-id=\"header\" contenteditable=\"true\"><span style=\"color: #ffffff;\">On ne peut pas l\u2019ignorer. On ne peut pas vivre \u00e0 c\u00f4t\u00e9. Profitez-en. Mais attention : une fois que vous y avez go\u00fbt\u00e9, tout autre saveur vous semblera m\u00e9diocre.<\/span><\/h2>\n<p>[\/et_pb_text][\/et_pb_column][et_pb_column type=\u00a0\u00bb1_3&Prime; _builder_version=\u00a0\u00bb4.17.0&Prime; _module_preset=\u00a0\u00bbdefault\u00a0\u00bb background_color=\u00a0\u00bb#6bdbad\u00a0\u00bb background_image=\u00a0\u00bbhttps:\/\/www.valenciaculinaryfestival.es\/wp-content\/uploads\/compartoir.jpg\u00a0\u00bb background_blend=\u00a0\u00bbmultiply\u00a0\u00bb custom_padding=\u00a0\u00bb200px|50px|80px|50px|false|true\u00a0\u00bb custom_padding_tablet=\u00a0\u00bb240px|40px|40px|40px|false|true\u00a0\u00bb custom_padding_phone=\u00a0\u00bb200px|20px|20px|20px|false|true\u00a0\u00bb custom_padding_last_edited=\u00a0\u00bbon|phone\u00a0\u00bb global_colors_info=\u00a0\u00bb{}\u00a0\u00bb][et_pb_text _builder_version=\u00a0\u00bb4.17.0&Prime; _module_preset=\u00a0\u00bbdefault\u00a0\u00bb header_text_color=\u00a0\u00bb#000000&Prime; header_2_font=\u00a0\u00bbQuestrial|700|||||||\u00a0\u00bb header_2_text_color=\u00a0\u00bb#000000&Prime; header_2_font_size=\u00a0\u00bb43px\u00a0\u00bb header_2_letter_spacing=\u00a0\u00bb-0.02em\u00a0\u00bb header_2_line_height=\u00a0\u00bb1.2em\u00a0\u00bb text_orientation=\u00a0\u00bbcenter\u00a0\u00bb custom_margin=\u00a0\u00bb||10px||false|false\u00a0\u00bb header_2_font_size_tablet=\u00a0\u00bb32px\u00a0\u00bb header_2_font_size_phone=\u00a0\u00bb20px\u00a0\u00bb header_2_font_size_last_edited=\u00a0\u00bbon|phone\u00a0\u00bb locked=\u00a0\u00bboff\u00a0\u00bb global_colors_info=\u00a0\u00bb{}\u00a0\u00bb]<\/p>\n<h2 class=\"et_pb_module_header et-fb-editable-element et-fb-editable-element__editing\" data-shortcode-id=\"1.0.0.2-1650909799870\" data-quickaccess-id=\"header\" contenteditable=\"true\"><span style=\"color: #ffffff;\">Ce n\u2019est pas seulement ce que vous mangez, mais avec qui vous le partagez<\/span><\/h2>\n<p>[\/et_pb_text][et_pb_text _builder_version=\u00a0\u00bb4.17.0&Prime; _module_preset=\u00a0\u00bbdefault\u00a0\u00bb header_text_color=\u00a0\u00bb#000000&Prime; header_2_font=\u00a0\u00bbQuestrial||||||||\u00a0\u00bb header_2_text_color=\u00a0\u00bb#000000&Prime; header_2_font_size=\u00a0\u00bb25px\u00a0\u00bb header_2_letter_spacing=\u00a0\u00bb-0.02em\u00a0\u00bb header_2_line_height=\u00a0\u00bb1.1em\u00a0\u00bb text_orientation=\u00a0\u00bbcenter\u00a0\u00bb custom_margin=\u00a0\u00bb||10px||false|false\u00a0\u00bb header_2_font_size_tablet=\u00a0\u00bb32px\u00a0\u00bb header_2_font_size_phone=\u00a0\u00bb20px\u00a0\u00bb header_2_font_size_last_edited=\u00a0\u00bbon|phone\u00a0\u00bb locked=\u00a0\u00bboff\u00a0\u00bb global_colors_info=\u00a0\u00bb{}\u00a0\u00bb content__hover_enabled=\u00a0\u00bboff|hover\u00a0\u00bb]<\/p>\n<h2 class=\"et_pb_module_header et-fb-editable-element et-fb-editable-element__editing\" data-shortcode-id=\"1.0.0.16-1650909800713\" data-quickaccess-id=\"header\" contenteditable=\"true\"><span style=\"color: #ffffff;\">Les d\u00e9lices partag\u00e9s cr\u00e9ent des liens qui durent pour toujours.<\/span><\/h2>\n<p>[\/et_pb_text][\/et_pb_column][et_pb_column type=\u00a0\u00bb1_3&Prime; _builder_version=\u00a0\u00bb4.17.0&Prime; _module_preset=\u00a0\u00bbdefault\u00a0\u00bb background_color=\u00a0\u00bb#2674b5&Prime; background_image=\u00a0\u00bbhttps:\/\/www.valenciaculinaryfestival.es\/wp-content\/uploads\/ingrediente.jpg\u00a0\u00bb background_blend=\u00a0\u00bbmultiply\u00a0\u00bb custom_padding=\u00a0\u00bb200px|50px|80px|50px|false|true\u00a0\u00bb custom_padding_tablet=\u00a0\u00bb240px|40px|40px|40px|false|true\u00a0\u00bb custom_padding_phone=\u00a0\u00bb200px|20px|20px|20px|false|true\u00a0\u00bb custom_padding_last_edited=\u00a0\u00bbon|phone\u00a0\u00bb global_colors_info=\u00a0\u00bb{}\u00a0\u00bb][et_pb_text _builder_version=\u00a0\u00bb4.17.0&Prime; _module_preset=\u00a0\u00bbdefault\u00a0\u00bb header_text_color=\u00a0\u00bb#000000&Prime; header_2_font=\u00a0\u00bbQuestrial|700|||||||\u00a0\u00bb header_2_text_color=\u00a0\u00bb#000000&Prime; header_2_font_size=\u00a0\u00bb43px\u00a0\u00bb header_2_letter_spacing=\u00a0\u00bb-0.02em\u00a0\u00bb header_2_line_height=\u00a0\u00bb1.2em\u00a0\u00bb text_orientation=\u00a0\u00bbcenter\u00a0\u00bb custom_margin=\u00a0\u00bb||10px||false|false\u00a0\u00bb header_2_font_size_tablet=\u00a0\u00bb32px\u00a0\u00bb header_2_font_size_phone=\u00a0\u00bb20px\u00a0\u00bb header_2_font_size_last_edited=\u00a0\u00bbon|phone\u00a0\u00bb locked=\u00a0\u00bboff\u00a0\u00bb global_colors_info=\u00a0\u00bb{}\u00a0\u00bb]<\/p>\n<h2 class=\"et_pb_module_header et-fb-editable-element et-fb-editable-element__editing\" data-shortcode-id=\"1.0.0.12-1650909800469\" data-quickaccess-id=\"header\" contenteditable=\"true\"><span style=\"color: #ffffff;\">Le courage se forge<\/span><\/h2>\n<p>[\/et_pb_text][et_pb_text _builder_version=\u00a0\u00bb4.17.0&Prime; _module_preset=\u00a0\u00bbdefault\u00a0\u00bb header_text_color=\u00a0\u00bb#000000&Prime; header_2_font=\u00a0\u00bbQuestrial||||||||\u00a0\u00bb header_2_text_color=\u00a0\u00bb#000000&Prime; header_2_font_size=\u00a0\u00bb25px\u00a0\u00bb header_2_letter_spacing=\u00a0\u00bb-0.02em\u00a0\u00bb header_2_line_height=\u00a0\u00bb1.1em\u00a0\u00bb text_orientation=\u00a0\u00bbcenter\u00a0\u00bb custom_margin=\u00a0\u00bb||10px||false|false\u00a0\u00bb header_2_font_size_tablet=\u00a0\u00bb32px\u00a0\u00bb header_2_font_size_phone=\u00a0\u00bb20px\u00a0\u00bb header_2_font_size_last_edited=\u00a0\u00bbon|phone\u00a0\u00bb locked=\u00a0\u00bboff\u00a0\u00bb global_colors_info=\u00a0\u00bb{}\u00a0\u00bb content__hover_enabled=\u00a0\u00bboff|hover\u00a0\u00bb]<\/p>\n<h2 class=\"et_pb_module_header et-fb-editable-element et-fb-editable-element__editing\" data-shortcode-id=\"1.0.0.16-1650909800713\" data-quickaccess-id=\"header\" contenteditable=\"true\"><span style=\"color: #ffffff;\">Le nouveau appartient \u00e0 ceux qui osent. Les ingr\u00e9dients locaux vous font voyager autour du monde sans quitter notre terre. Go\u00fbtez \u00e0 tout.<\/span><\/h2>\n<p>[\/et_pb_text][\/et_pb_column][\/et_pb_row][et_pb_row column_structure=\u00a0\u00bb1_3,1_3,1_3&Prime; use_custom_gutter=\u00a0\u00bbon\u00a0\u00bb gutter_width=\u00a0\u00bb1&Prime; make_equal=\u00a0\u00bbon\u00a0\u00bb _builder_version=\u00a0\u00bb4.17.0&Prime; _module_preset=\u00a0\u00bbdefault\u00a0\u00bb width=\u00a0\u00bb100%\u00a0\u00bb max_width=\u00a0\u00bbnone\u00a0\u00bb custom_padding=\u00a0\u00bb0px||0px||false|false\u00a0\u00bb global_colors_info=\u00a0\u00bb{}\u00a0\u00bb][et_pb_column type=\u00a0\u00bb1_3&Prime; _builder_version=\u00a0\u00bb4.17.0&Prime; _module_preset=\u00a0\u00bbdefault\u00a0\u00bb background_color=\u00a0\u00bb#2674b5&Prime; background_image=\u00a0\u00bbhttps:\/\/www.valenciaculinaryfestival.es\/wp-content\/uploads\/chef.jpg\u00a0\u00bb background_blend=\u00a0\u00bbmultiply\u00a0\u00bb custom_padding=\u00a0\u00bb200px|50px|80px|50px|false|true\u00a0\u00bb custom_padding_tablet=\u00a0\u00bb240px|40px|40px|40px|false|true\u00a0\u00bb custom_padding_phone=\u00a0\u00bb200px|20px|20px|20px|false|true\u00a0\u00bb custom_padding_last_edited=\u00a0\u00bbon|phone\u00a0\u00bb global_colors_info=\u00a0\u00bb{}\u00a0\u00bb][et_pb_text _builder_version=\u00a0\u00bb4.17.0&Prime; _module_preset=\u00a0\u00bbdefault\u00a0\u00bb header_text_color=\u00a0\u00bb#000000&Prime; header_2_font=\u00a0\u00bbQuestrial|700|||||||\u00a0\u00bb header_2_text_color=\u00a0\u00bb#000000&Prime; header_2_font_size=\u00a0\u00bb43px\u00a0\u00bb header_2_letter_spacing=\u00a0\u00bb-0.02em\u00a0\u00bb header_2_line_height=\u00a0\u00bb1.2em\u00a0\u00bb text_orientation=\u00a0\u00bbcenter\u00a0\u00bb custom_margin=\u00a0\u00bb||10px||false|false\u00a0\u00bb header_2_font_size_tablet=\u00a0\u00bb32px\u00a0\u00bb header_2_font_size_phone=\u00a0\u00bb20px\u00a0\u00bb header_2_font_size_last_edited=\u00a0\u00bbon|phone\u00a0\u00bb locked=\u00a0\u00bboff\u00a0\u00bb global_colors_info=\u00a0\u00bb{}\u00a0\u00bb]<\/p>\n<h2 class=\"et_pb_module_header et-fb-editable-element et-fb-editable-element__editing\" data-shortcode-id=\"1.0.0.6-1650909800113\" data-quickaccess-id=\"header\" contenteditable=\"true\"><span style=\"color: #ffffff;\">Adorez votre chef par-dessus tout<\/span><\/h2>\n<p>[\/et_pb_text][et_pb_text _builder_version=\u00a0\u00bb4.17.0&Prime; _module_preset=\u00a0\u00bbdefault\u00a0\u00bb text_text_color=\u00a0\u00bb#FFFFFF\u00a0\u00bb header_text_color=\u00a0\u00bb#FFFFFF\u00a0\u00bb header_2_font=\u00a0\u00bbQuestrial||||||||\u00a0\u00bb header_2_text_color=\u00a0\u00bb#FFFFFF\u00a0\u00bb header_2_font_size=\u00a0\u00bb25px\u00a0\u00bb header_2_letter_spacing=\u00a0\u00bb-0.02em\u00a0\u00bb header_2_line_height=\u00a0\u00bb1.1em\u00a0\u00bb text_orientation=\u00a0\u00bbcenter\u00a0\u00bb custom_margin=\u00a0\u00bb||10px||false|false\u00a0\u00bb header_2_font_size_tablet=\u00a0\u00bb32px\u00a0\u00bb header_2_font_size_phone=\u00a0\u00bb20px\u00a0\u00bb header_2_font_size_last_edited=\u00a0\u00bbon|phone\u00a0\u00bb locked=\u00a0\u00bboff\u00a0\u00bb global_colors_info=\u00a0\u00bb{}\u00a0\u00bb content__hover_enabled=\u00a0\u00bboff|hover\u00a0\u00bb]<\/p>\n<h2 class=\"et_pb_module_header et-fb-editable-element et-fb-editable-element__editing\" data-shortcode-id=\"1.0.0.16-1650909800713\" data-quickaccess-id=\"header\" contenteditable=\"true\">Cuisiner comme un dieu et vous emmener au paradis\u2014c\u2019est son don. Les grands chefs sont les nouvelles rock stars. Aimez-les.<\/h2>\n<p>[\/et_pb_text][\/et_pb_column][et_pb_column type=\u00a0\u00bb1_3&Prime; _builder_version=\u00a0\u00bb4.17.0&Prime; _module_preset=\u00a0\u00bbdefault\u00a0\u00bb background_color=\u00a0\u00bb#3f896f\u00a0\u00bb background_image=\u00a0\u00bbhttps:\/\/www.valenciaculinaryfestival.es\/wp-content\/uploads\/camarero.jpg\u00a0\u00bb background_blend=\u00a0\u00bbmultiply\u00a0\u00bb custom_padding=\u00a0\u00bb200px|50px|80px|50px|false|true\u00a0\u00bb custom_padding_tablet=\u00a0\u00bb240px|40px|40px|40px|false|true\u00a0\u00bb custom_padding_phone=\u00a0\u00bb200px|20px|20px|20px|false|true\u00a0\u00bb custom_padding_last_edited=\u00a0\u00bbon|phone\u00a0\u00bb global_colors_info=\u00a0\u00bb{}\u00a0\u00bb][et_pb_text _builder_version=\u00a0\u00bb4.17.0&Prime; _module_preset=\u00a0\u00bbdefault\u00a0\u00bb header_text_color=\u00a0\u00bb#000000&Prime; header_2_font=\u00a0\u00bbQuestrial|700|||||||\u00a0\u00bb header_2_text_color=\u00a0\u00bb#000000&Prime; header_2_font_size=\u00a0\u00bb43px\u00a0\u00bb header_2_letter_spacing=\u00a0\u00bb-0.02em\u00a0\u00bb header_2_line_height=\u00a0\u00bb1.2em\u00a0\u00bb text_orientation=\u00a0\u00bbcenter\u00a0\u00bb custom_margin=\u00a0\u00bb||10px||false|false\u00a0\u00bb header_2_font_size_tablet=\u00a0\u00bb32px\u00a0\u00bb header_2_font_size_phone=\u00a0\u00bb20px\u00a0\u00bb header_2_font_size_last_edited=\u00a0\u00bbon|phone\u00a0\u00bb locked=\u00a0\u00bboff\u00a0\u00bb global_colors_info=\u00a0\u00bb{}\u00a0\u00bb]<\/p>\n<h2 class=\"et_pb_module_header et-fb-editable-element et-fb-editable-element__editing\" data-shortcode-id=\"1.0.0.8-1650909800232\" data-quickaccess-id=\"header\" contenteditable=\"true\"><span style=\"color: #ffffff;\">L\u2019\u00e9quipe de salle est votre oracle<\/span><\/h2>\n<p>[\/et_pb_text][et_pb_text _builder_version=\u00a0\u00bb4.17.0&Prime; _module_preset=\u00a0\u00bbdefault\u00a0\u00bb header_text_color=\u00a0\u00bb#000000&Prime; header_2_font=\u00a0\u00bbQuestrial||||||||\u00a0\u00bb header_2_text_color=\u00a0\u00bb#000000&Prime; header_2_font_size=\u00a0\u00bb25px\u00a0\u00bb header_2_letter_spacing=\u00a0\u00bb-0.02em\u00a0\u00bb header_2_line_height=\u00a0\u00bb1.1em\u00a0\u00bb text_orientation=\u00a0\u00bbcenter\u00a0\u00bb custom_margin=\u00a0\u00bb||10px||false|false\u00a0\u00bb header_2_font_size_tablet=\u00a0\u00bb32px\u00a0\u00bb header_2_font_size_phone=\u00a0\u00bb20px\u00a0\u00bb header_2_font_size_last_edited=\u00a0\u00bbon|phone\u00a0\u00bb locked=\u00a0\u00bboff\u00a0\u00bb global_colors_info=\u00a0\u00bb{}\u00a0\u00bb content__hover_enabled=\u00a0\u00bboff|hover\u00a0\u00bb]<\/p>\n<h2 class=\"et_pb_module_header et-fb-editable-element et-fb-editable-element__editing\" data-shortcode-id=\"1.0.0.16-1650909800713\" data-quickaccess-id=\"header\" contenteditable=\"true\"><span style=\"color: #ffffff;\">Ils savent ce que vous d\u00e9sirez avant m\u00eame que vous le sachiez. Faites-leur confiance les yeux ferm\u00e9s. <\/span><br \/>\n<span style=\"color: #ffffff;\">Conf\u00eda a ciegas.<\/span><\/h2>\n<p>[\/et_pb_text][\/et_pb_column][et_pb_column type=\u00a0\u00bb1_3&Prime; _builder_version=\u00a0\u00bb4.17.0&Prime; _module_preset=\u00a0\u00bbdefault\u00a0\u00bb background_color=\u00a0\u00bb#66bbdd\u00a0\u00bb background_image=\u00a0\u00bbhttps:\/\/www.valenciaculinaryfestival.es\/wp-content\/uploads\/huerta.jpg\u00a0\u00bb background_blend=\u00a0\u00bbmultiply\u00a0\u00bb custom_padding=\u00a0\u00bb200px|50px|80px|50px|false|true\u00a0\u00bb custom_padding_tablet=\u00a0\u00bb240px|40px|40px|40px|false|true\u00a0\u00bb custom_padding_phone=\u00a0\u00bb200px|20px|20px|20px|false|true\u00a0\u00bb custom_padding_last_edited=\u00a0\u00bbon|phone\u00a0\u00bb global_colors_info=\u00a0\u00bb{}\u00a0\u00bb][et_pb_text _builder_version=\u00a0\u00bb4.17.0&Prime; _module_preset=\u00a0\u00bbdefault\u00a0\u00bb header_text_color=\u00a0\u00bb#000000&Prime; header_2_font=\u00a0\u00bbQuestrial|700|||||||\u00a0\u00bb header_2_text_color=\u00a0\u00bb#000000&Prime; header_2_font_size=\u00a0\u00bb43px\u00a0\u00bb header_2_letter_spacing=\u00a0\u00bb-0.02em\u00a0\u00bb header_2_line_height=\u00a0\u00bb1.2em\u00a0\u00bb text_orientation=\u00a0\u00bbcenter\u00a0\u00bb custom_margin=\u00a0\u00bb||10px||false|false\u00a0\u00bb header_2_font_size_tablet=\u00a0\u00bb32px\u00a0\u00bb header_2_font_size_phone=\u00a0\u00bb20px\u00a0\u00bb header_2_font_size_last_edited=\u00a0\u00bbon|phone\u00a0\u00bb locked=\u00a0\u00bboff\u00a0\u00bb global_colors_info=\u00a0\u00bb{}\u00a0\u00bb]<\/p>\n<h2 class=\"et_pb_module_header et-fb-editable-element et-fb-editable-element__editing\" data-shortcode-id=\"1.0.0.12-1650909800469\" data-quickaccess-id=\"header\" contenteditable=\"true\"><span style=\"color: #ffffff;\">V\u00e9n\u00e9rez les mains qui cultivent les ingr\u00e9dients<\/span><\/h2>\n<p>[\/et_pb_text][et_pb_text _builder_version=\u00a0\u00bb4.17.0&Prime; _module_preset=\u00a0\u00bbdefault\u00a0\u00bb header_text_color=\u00a0\u00bb#000000&Prime; header_2_font=\u00a0\u00bbQuestrial||||||||\u00a0\u00bb header_2_text_color=\u00a0\u00bb#000000&Prime; header_2_font_size=\u00a0\u00bb25px\u00a0\u00bb header_2_letter_spacing=\u00a0\u00bb-0.02em\u00a0\u00bb header_2_line_height=\u00a0\u00bb1.1em\u00a0\u00bb text_orientation=\u00a0\u00bbcenter\u00a0\u00bb custom_margin=\u00a0\u00bb||10px||false|false\u00a0\u00bb header_2_font_size_tablet=\u00a0\u00bb32px\u00a0\u00bb header_2_font_size_phone=\u00a0\u00bb20px\u00a0\u00bb header_2_font_size_last_edited=\u00a0\u00bbon|phone\u00a0\u00bb locked=\u00a0\u00bboff\u00a0\u00bb global_colors_info=\u00a0\u00bb{}\u00a0\u00bb content__hover_enabled=\u00a0\u00bboff|hover\u00a0\u00bb]<\/p>\n<h2 class=\"et_pb_module_header et-fb-editable-element et-fb-editable-element__editing\" data-shortcode-id=\"1.0.0.16-1650909800713\" data-quickaccess-id=\"header\" contenteditable=\"true\"><span style=\"color: #ffffff;\">De la terre ou de la mer, sans producteurs, il n\u2019y a pas de menu \u00e0 savourer ni d\u2019ar\u00f4me dans lequel se perdre.<\/span><\/h2>\n<p>[\/et_pb_text][\/et_pb_column][\/et_pb_row][et_pb_row column_structure=\u00a0\u00bb1_3,1_3,1_3&Prime; use_custom_gutter=\u00a0\u00bbon\u00a0\u00bb gutter_width=\u00a0\u00bb1&Prime; make_equal=\u00a0\u00bbon\u00a0\u00bb _builder_version=\u00a0\u00bb4.17.0&Prime; _module_preset=\u00a0\u00bbdefault\u00a0\u00bb width=\u00a0\u00bb100%\u00a0\u00bb max_width=\u00a0\u00bbnone\u00a0\u00bb custom_padding=\u00a0\u00bb0px||0px||false|false\u00a0\u00bb global_colors_info=\u00a0\u00bb{}\u00a0\u00bb][et_pb_column type=\u00a0\u00bb1_3&Prime; _builder_version=\u00a0\u00bb4.17.0&Prime; _module_preset=\u00a0\u00bbdefault\u00a0\u00bb background_color=\u00a0\u00bb#66bbdd\u00a0\u00bb background_image=\u00a0\u00bbhttps:\/\/www.valenciaculinaryfestival.es\/wp-content\/uploads\/Rabo-de-atun.jpg\u00a0\u00bb background_blend=\u00a0\u00bbmultiply\u00a0\u00bb custom_padding=\u00a0\u00bb200px|50px|80px|50px|false|true\u00a0\u00bb custom_padding_tablet=\u00a0\u00bb240px|40px|40px|40px|false|true\u00a0\u00bb custom_padding_phone=\u00a0\u00bb200px|20px|20px|20px|false|true\u00a0\u00bb custom_padding_last_edited=\u00a0\u00bbon|phone\u00a0\u00bb global_colors_info=\u00a0\u00bb{}\u00a0\u00bb][et_pb_text _builder_version=\u00a0\u00bb4.17.0&Prime; _module_preset=\u00a0\u00bbdefault\u00a0\u00bb header_text_color=\u00a0\u00bb#000000&Prime; header_2_font=\u00a0\u00bbQuestrial|700|||||||\u00a0\u00bb header_2_text_color=\u00a0\u00bb#000000&Prime; header_2_font_size=\u00a0\u00bb43px\u00a0\u00bb header_2_letter_spacing=\u00a0\u00bb-0.02em\u00a0\u00bb header_2_line_height=\u00a0\u00bb1.2em\u00a0\u00bb text_orientation=\u00a0\u00bbcenter\u00a0\u00bb custom_margin=\u00a0\u00bb||10px||false|false\u00a0\u00bb header_2_font_size_tablet=\u00a0\u00bb32px\u00a0\u00bb header_2_font_size_phone=\u00a0\u00bb20px\u00a0\u00bb header_2_font_size_last_edited=\u00a0\u00bbon|phone\u00a0\u00bb locked=\u00a0\u00bboff\u00a0\u00bb global_colors_info=\u00a0\u00bb{}\u00a0\u00bb]<\/p>\n<h2 class=\"et_pb_module_header et-fb-editable-element et-fb-editable-element__editing\" data-shortcode-id=\"1.0.0.16-1650909800713\" data-quickaccess-id=\"header\" contenteditable=\"true\"><span style=\"color: #ffffff;\">Chaque palais m\u00e9rite le plaisir<\/span><\/h2>\n<p>[\/et_pb_text][et_pb_text _builder_version=\u00a0\u00bb4.17.0&Prime; _module_preset=\u00a0\u00bbdefault\u00a0\u00bb text_text_color=\u00a0\u00bb#FFFFFF\u00a0\u00bb header_text_color=\u00a0\u00bb#FFFFFF\u00a0\u00bb header_2_font=\u00a0\u00bbQuestrial||||||||\u00a0\u00bb header_2_text_color=\u00a0\u00bb#FFFFFF\u00a0\u00bb header_2_font_size=\u00a0\u00bb25px\u00a0\u00bb header_2_letter_spacing=\u00a0\u00bb-0.02em\u00a0\u00bb header_2_line_height=\u00a0\u00bb1.1em\u00a0\u00bb text_orientation=\u00a0\u00bbcenter\u00a0\u00bb custom_margin=\u00a0\u00bb||10px||false|false\u00a0\u00bb header_2_font_size_tablet=\u00a0\u00bb32px\u00a0\u00bb header_2_font_size_phone=\u00a0\u00bb20px\u00a0\u00bb header_2_font_size_last_edited=\u00a0\u00bbon|phone\u00a0\u00bb locked=\u00a0\u00bboff\u00a0\u00bb global_colors_info=\u00a0\u00bb{}\u00a0\u00bb content__hover_enabled=\u00a0\u00bboff|hover\u00a0\u00bb]<\/p>\n<h2 class=\"et_pb_module_header et-fb-editable-element et-fb-editable-element__editing\" data-shortcode-id=\"1.0.0.16-1650909800713\" data-quickaccess-id=\"header\" contenteditable=\"true\">Peu importe d\u2019o\u00f9 vous venez, que vous l\u2019ayez go\u00fbt\u00e9 auparavant ou non, la haute gastronomie vous appartient aussi.<\/h2>\n<p>[\/et_pb_text][\/et_pb_column][et_pb_column type=\u00a0\u00bb1_3&Prime; _builder_version=\u00a0\u00bb4.17.0&Prime; _module_preset=\u00a0\u00bbdefault\u00a0\u00bb background_color=\u00a0\u00bb#2674b5&Prime; background_image=\u00a0\u00bbhttps:\/\/www.valenciaculinaryfestival.es\/wp-content\/uploads\/restaurantes-2.jpg\u00a0\u00bb background_blend=\u00a0\u00bbmultiply\u00a0\u00bb custom_padding=\u00a0\u00bb200px|50px|80px|50px|false|true\u00a0\u00bb custom_padding_tablet=\u00a0\u00bb240px|40px|40px|40px|false|true\u00a0\u00bb custom_padding_phone=\u00a0\u00bb200px|20px|20px|20px|false|true\u00a0\u00bb custom_padding_last_edited=\u00a0\u00bbon|phone\u00a0\u00bb global_colors_info=\u00a0\u00bb{}\u00a0\u00bb][et_pb_text _builder_version=\u00a0\u00bb4.17.0&Prime; _module_preset=\u00a0\u00bbdefault\u00a0\u00bb header_text_color=\u00a0\u00bb#000000&Prime; header_2_font=\u00a0\u00bbQuestrial|700|||||||\u00a0\u00bb header_2_text_color=\u00a0\u00bb#000000&Prime; header_2_font_size=\u00a0\u00bb40px\u00a0\u00bb header_2_letter_spacing=\u00a0\u00bb-0.02em\u00a0\u00bb header_2_line_height=\u00a0\u00bb1.2em\u00a0\u00bb text_orientation=\u00a0\u00bbcenter\u00a0\u00bb custom_margin=\u00a0\u00bb||10px||false|false\u00a0\u00bb header_2_font_size_tablet=\u00a0\u00bb32px\u00a0\u00bb header_2_font_size_phone=\u00a0\u00bb20px\u00a0\u00bb header_2_font_size_last_edited=\u00a0\u00bbon|phone\u00a0\u00bb locked=\u00a0\u00bboff\u00a0\u00bb global_colors_info=\u00a0\u00bb{}\u00a0\u00bb]<\/p>\n<h2 class=\"et_pb_module_header et-fb-editable-element et-fb-editable-element__editing\" data-shortcode-id=\"1.0.0.14-1650909800599\" data-quickaccess-id=\"header\" contenteditable=\"true\"><span style=\"color: #ffffff;\">Le restaurant est votre nouveau temple de d\u00e9couverte<\/span><\/h2>\n<p>[\/et_pb_text][et_pb_text _builder_version=\u00a0\u00bb4.17.0&Prime; _module_preset=\u00a0\u00bbdefault\u00a0\u00bb header_text_color=\u00a0\u00bb#000000&Prime; header_2_font=\u00a0\u00bbQuestrial||||||||\u00a0\u00bb header_2_text_color=\u00a0\u00bb#000000&Prime; header_2_font_size=\u00a0\u00bb25px\u00a0\u00bb header_2_letter_spacing=\u00a0\u00bb-0.02em\u00a0\u00bb header_2_line_height=\u00a0\u00bb1.1em\u00a0\u00bb text_orientation=\u00a0\u00bbcenter\u00a0\u00bb custom_margin=\u00a0\u00bb||10px||false|false\u00a0\u00bb header_2_font_size_tablet=\u00a0\u00bb32px\u00a0\u00bb header_2_font_size_phone=\u00a0\u00bb20px\u00a0\u00bb header_2_font_size_last_edited=\u00a0\u00bbon|phone\u00a0\u00bb locked=\u00a0\u00bboff\u00a0\u00bb global_colors_info=\u00a0\u00bb{}\u00a0\u00bb content__hover_enabled=\u00a0\u00bboff|hover\u00a0\u00bb]<\/p>\n<h2 class=\"et_pb_module_header et-fb-editable-element et-fb-editable-element__editing\" data-shortcode-id=\"1.0.0.16-1650909800713\" data-quickaccess-id=\"header\" contenteditable=\"true\"><span style=\"color: #ffffff;\">Inspirez-vous. Laissez-vous surprendre. Perdez\u2011vous dans votre propre plaisir.<\/span><\/h2>\n<p>[\/et_pb_text][\/et_pb_column][et_pb_column type=\u00a0\u00bb1_3&Prime; _builder_version=\u00a0\u00bb4.17.0&Prime; _module_preset=\u00a0\u00bbdefault\u00a0\u00bb background_color=\u00a0\u00bb#b0b0a9&Prime; background_image=\u00a0\u00bbhttps:\/\/www.valenciaculinaryfestival.es\/wp-content\/uploads\/vino.jpg\u00a0\u00bb background_blend=\u00a0\u00bbmultiply\u00a0\u00bb custom_padding=\u00a0\u00bb200px|50px|80px|50px|false|true\u00a0\u00bb custom_padding_tablet=\u00a0\u00bb240px|40px|40px|40px|false|true\u00a0\u00bb custom_padding_phone=\u00a0\u00bb200px|20px|20px|20px|false|true\u00a0\u00bb custom_padding_last_edited=\u00a0\u00bbon|phone\u00a0\u00bb global_colors_info=\u00a0\u00bb{}\u00a0\u00bb][et_pb_text _builder_version=\u00a0\u00bb4.17.0&Prime; _module_preset=\u00a0\u00bbdefault\u00a0\u00bb header_text_color=\u00a0\u00bb#000000&Prime; header_2_font=\u00a0\u00bbQuestrial|700|||||||\u00a0\u00bb header_2_text_color=\u00a0\u00bb#000000&Prime; header_2_font_size=\u00a0\u00bb43px\u00a0\u00bb header_2_letter_spacing=\u00a0\u00bb-0.02em\u00a0\u00bb header_2_line_height=\u00a0\u00bb1.2em\u00a0\u00bb text_orientation=\u00a0\u00bbcenter\u00a0\u00bb custom_margin=\u00a0\u00bb||10px||false|false\u00a0\u00bb header_2_font_size_tablet=\u00a0\u00bb32px\u00a0\u00bb header_2_font_size_phone=\u00a0\u00bb20px\u00a0\u00bb header_2_font_size_last_edited=\u00a0\u00bbon|phone\u00a0\u00bb locked=\u00a0\u00bboff\u00a0\u00bb global_colors_info=\u00a0\u00bb{}\u00a0\u00bb]<\/p>\n<h2 class=\"et_pb_module_header et-fb-editable-element et-fb-editable-element__editing\" data-shortcode-id=\"1.0.0.12-1650909800469\" data-quickaccess-id=\"header\" contenteditable=\"true\"><span style=\"color: #ffffff;\">Gardez toujours votre verre \u00e0 moiti\u00e9 plein<\/span><\/h2>\n<p>[\/et_pb_text][et_pb_text _builder_version=\u00a0\u00bb4.17.0&Prime; _module_preset=\u00a0\u00bbdefault\u00a0\u00bb header_text_color=\u00a0\u00bb#000000&Prime; header_2_font=\u00a0\u00bbQuestrial||||||||\u00a0\u00bb header_2_text_color=\u00a0\u00bb#000000&Prime; header_2_font_size=\u00a0\u00bb25px\u00a0\u00bb header_2_letter_spacing=\u00a0\u00bb-0.02em\u00a0\u00bb header_2_line_height=\u00a0\u00bb1.1em\u00a0\u00bb text_orientation=\u00a0\u00bbcenter\u00a0\u00bb custom_margin=\u00a0\u00bb||10px||false|false\u00a0\u00bb hover_enabled=\u00a0\u00bb0&Prime; header_2_font_size_tablet=\u00a0\u00bb32px\u00a0\u00bb header_2_font_size_phone=\u00a0\u00bb20px\u00a0\u00bb header_2_font_size_last_edited=\u00a0\u00bbon|phone\u00a0\u00bb locked=\u00a0\u00bboff\u00a0\u00bb global_colors_info=\u00a0\u00bb{}\u00a0\u00bb content__hover_enabled=\u00a0\u00bboff|hover\u00a0\u00bb sticky_enabled=\u00a0\u00bb0&Prime;]<\/p>\n<h2 class=\"et_pb_module_header et-fb-editable-element et-fb-editable-element__editing\" data-shortcode-id=\"1.0.0.16-1650909800713\" data-quickaccess-id=\"header\" contenteditable=\"true\"><span style=\"color: #ffffff;\">Le meilleur plat, le regard le plus profond, le d\u00e9bat le plus int\u00e9ressant\u2026 tout s\u2019am\u00e9liore avec un bon vin qui l\u2019accompagne.<\/span><\/h2>\n<p>[\/et_pb_text][\/et_pb_column][\/et_pb_row][\/et_pb_section]<\/p>\n","protected":false},"excerpt":{"rendered":"<p>ManifesteValencia Culinary FestivalLa perfection existe bel et bienOn ne peut pas l\u2019ignorer. On ne peut pas vivre \u00e0 c\u00f4t\u00e9. Profitez-en. Mais attention : une fois que vous y avez go\u00fbt\u00e9, tout autre saveur vous semblera m\u00e9diocre.Ce n\u2019est pas seulement ce que vous mangez, mais avec qui vous le partagezLes d\u00e9lices partag\u00e9s cr\u00e9ent des liens qui [&hellip;]<\/p>\n","protected":false},"author":1,"featured_media":0,"parent":0,"menu_order":0,"comment_status":"closed","ping_status":"closed","template":"","meta":{"_et_pb_use_builder":"on","_et_pb_old_content":"<p>[av_one_full first min_height='' vertical_alignment='av-align-top' space='' margin='0px' margin_sync='true' row_boxshadow_color='' row_boxshadow_width='10' link='manually,https:\/\/www.valenciaculinaryfestival.es\/programacionvalencia-culinary-festival-2020\/' linktarget='' link_hover='' padding='0px' padding_sync='true' highlight_size='1.1' border='' border_color='' radius='0px' radius_sync='true' column_boxshadow_color='' column_boxshadow_width='10' background='bg_color' background_color='' background_gradient_color1='' background_gradient_color2='' background_gradient_direction='vertical' src='' attachment='' attachment_size='' background_position='top left' background_repeat='no-repeat' animation='' mobile_breaking='' mobile_display='' av_uid='av-2u4pf']<br \/>[av_slideshow size='no scaling' animation='fade' conditional_play='' autoplay='true' interval='2' control_layout='av-control-default' av_uid='av-k3q4qgor']<br \/>[av_slide id='2619' av_uid='av-pzee4' slide_type='' video='https:\/\/' mobile_image='' fallback_link='http:\/\/' video_ratio='16:9' video_controls='' video_mute='' video_loop='' video_autoplay='' title='' link_apply='' link='' link_target='' av-medium-font-size-title='' av-small-font-size-title='' av-mini-font-size-title='' av-medium-font-size='' av-small-font-size='' av-mini-font-size=''][\/av_slide]<br \/>[av_slide id='2620' av_uid='av-6dppvw' slide_type='' video='https:\/\/' mobile_image='' fallback_link='http:\/\/' video_ratio='16:9' video_controls='' video_mute='' video_loop='' video_autoplay='' title='' link_apply='' link='' link_target='' av-medium-font-size-title='' av-small-font-size-title='' av-mini-font-size-title='' av-medium-font-size='' av-small-font-size='' av-mini-font-size=''][\/av_slide]<br \/>[av_slide id='2621' av_uid='av-g9e30' slide_type='' video='https:\/\/' mobile_image='' fallback_link='http:\/\/' video_ratio='16:9' video_controls='' video_mute='' video_loop='' video_autoplay='' title='' link_apply='' link='' link_target='' av-medium-font-size-title='' av-small-font-size-title='' av-mini-font-size-title='' av-medium-font-size='' av-small-font-size='' av-mini-font-size=''][\/av_slide]<br \/>[av_slide id='2622' av_uid='av-2afxos' slide_type='' video='https:\/\/' mobile_image='' fallback_link='http:\/\/' video_ratio='16:9' video_controls='' video_mute='' video_loop='' video_autoplay='' title='' link_apply='' link='' link_target='' av-medium-font-size-title='' av-small-font-size-title='' av-mini-font-size-title='' av-medium-font-size='' av-small-font-size='' av-mini-font-size=''][\/av_slide]<br \/>[\/av_slideshow]<br \/>[\/av_one_full]<\/p><p>[av_hr class='invisible' height='50' shadow='no-shadow' position='center' custom_border='av-border-thin' custom_width='50px' custom_border_color='' custom_margin_top='30px' custom_margin_bottom='30px' icon_select='yes' custom_icon_color='' icon='ue808' font='entypo-fontello' av_uid='av-k44jbhx2' admin_preview_bg='']<\/p><p>[av_one_third first min_height='' vertical_alignment='' space='' custom_margin='' margin='0px' row_boxshadow='' row_boxshadow_color='' row_boxshadow_width='10' link='' linktarget='' link_hover='' padding='0px' highlight='' highlight_size='' border='' border_color='' radius='0px' column_boxshadow='' column_boxshadow_color='' column_boxshadow_width='10' background='bg_color' background_color='' background_gradient_color1='' background_gradient_color2='' background_gradient_direction='vertical' src='' background_position='top left' background_repeat='no-repeat' animation='' mobile_breaking='' mobile_display='' av_uid='av-620p3']<br \/>[av_textblock size='18' font_color='' color='' av-medium-font-size='' av-small-font-size='' av-mini-font-size='' av_uid='av-k44jnc57' admin_preview_bg='']<\/p><h1><strong>EDICI\u00d3N ESPECIAL<br \/>VALENCIA CULINARY 2021<\/strong><\/h1><div data-canvas-width=\"203.59999999999997\">\u00a0<\/div><div data-canvas-width=\"362.4400000000001\"><span style=\"color: #000;\"><strong>Este 2021 el Valencia Culinary ser\u00e1 m\u00e1s especial que nunca. Hemos preparado un festival m\u00e1s \u00edntimo y reflexivo, donde poner sobre la mesa temas de relieve que afectan al mundo de la gastronom\u00eda, para\u00a0consolidar a la Comunitat Valenciana como destino gastron\u00f3mico de excelencia.<\/strong><\/span><\/div><div data-canvas-width=\"362.4400000000001\"><div data-canvas-width=\"566.2400000000001\"><span style=\"color: #000;\"><strong>La sala, la sostenibilidad y las experiencias gastron\u00f3micas singulares vertebran la edici\u00f3n especial del Valencia Culinary 2021.<\/strong><\/span><\/div><\/div><div data-canvas-width=\"294.04000000000013\">\u00a0<\/div><p>[\/av_textblock]<\/p><p>[av_hr class='invisible' height='50' shadow='no-shadow' position='center' custom_border='av-border-thin' custom_width='50px' custom_border_color='' custom_margin_top='30px' custom_margin_bottom='30px' icon_select='yes' custom_icon_color='' icon='ue808' font='entypo-fontello' av_uid='av-k44jbhx2' admin_preview_bg='']<\/p><p>[av_textblock size='' font_color='' color='' av-medium-font-size='' av-small-font-size='' av-mini-font-size='' av_uid='av-k44jnc57' admin_preview_bg='']<\/p><blockquote><p style=\"text-align: left;\"><span style=\"color: #000000;\">En la Comunitat Valenciana, el lugar que nos une, hay una gastronom\u00eda que nos mueve.\u00a0<\/span><span style=\"color: #000000;\">Nos mueve el encuentro y el intercambio entre quienes compartimos la inquietud por la alta gastronom\u00eda.\u00a0\u00a0<\/span><span style=\"color: #000000;\">Nos mueve la cultura, que une a productores, cocineros, camareros y comensales en el arte de la mesa.\u00a0<\/span><span style=\"color: #000000;\">Nos mueven las personas que perseveran cada d\u00eda para llevar la cocina a los altares.\u00a0<\/span><span style=\"color: #000000;\">Nos mueve la tradici\u00f3n, porque sin ella no ser\u00edamos lo que somos.\u00a0<\/span><span style=\"color: #000000;\">Nos mueve la sostenibilidad, que permite crear y creer en un futuro mejor.\u00a0<\/span><span style=\"color: #000000;\">Y, como es natural, en esta tierra mediterr\u00e1nea y hedonista, nos mueve especialmente el placer de disfrutar y compartir con la gente lo que m\u00e1s nos gusta; con nuestra gente y con lo que nos visita.<\/span><\/p><\/blockquote><p>[\/av_textblock]<\/p><p>[av_hr class='invisible' height='50' shadow='no-shadow' position='center' custom_border='av-border-thin' custom_width='50px' custom_border_color='' custom_margin_top='30px' custom_margin_bottom='30px' icon_select='yes' custom_icon_color='' icon='ue808' font='entypo-fontello' av_uid='av-k44jbhx2' admin_preview_bg='']<\/p><p>[av_textblock size='14' font_color='custom' color='#000000' av-medium-font-size='' av-small-font-size='' av-mini-font-size='' av_uid='av-jr7ydtvp' admin_preview_bg='']<br \/><em>Valencia Culinary Festival es una iniciativa de la <a href=\"https:\/\/valenciapremium.com\/\" target=\"_blank\" rel=\"noopener\">Asociaci\u00f3n Empresarial Valencia Premium<\/a><\/em><br \/>[\/av_textblock]<br \/>[\/av_one_third]<\/p><p>[av_two_third min_height='' vertical_alignment='' space='' custom_margin='' margin='0px' row_boxshadow='' row_boxshadow_color='' row_boxshadow_width='10' link='' linktarget='' link_hover='' padding='0px' highlight='' highlight_size='' border='' border_color='' radius='0px' column_boxshadow='' column_boxshadow_color='' column_boxshadow_width='10' background='bg_color' background_color='' background_gradient_color1='' background_gradient_color2='' background_gradient_direction='vertical' src='' background_position='top left' background_repeat='no-repeat' animation='' mobile_breaking='' mobile_display='' av_uid='av-620p3']<br \/>[av_image src='https:\/\/www.valenciaculinaryfestival.es\/wp-content\/uploads\/valencia-culinary-festival.-La-Noche-de-la-Gastronomia-2020.jpg' attachment='2625' attachment_size='full' align='center' styling='' hover='' link='' target='' caption='' font_size='' appearance='' overlay_opacity='0.4' overlay_color='#000000' overlay_text_color='#ffffff' copyright='' animation='no-animation' av_uid='av-kq286q15' admin_preview_bg=''][\/av_image]<\/p><p>[av_image src='https:\/\/www.valenciaculinaryfestival.es\/wp-content\/uploads\/restaurante-riff-valencia-culinary-festival.jpg' attachment='332' attachment_size='full' align='center' styling='' hover='' link='' target='' caption='' font_size='' appearance='' overlay_opacity='0.4' overlay_color='#000000' overlay_text_color='#ffffff' copyright='' animation='no-animation' av_uid='av-kq286q15' admin_preview_bg=''][\/av_image]<br \/>[\/av_two_third]<\/p><p>[av_one_third first min_height='' vertical_alignment='' space='' custom_margin='' margin='0px' row_boxshadow='' row_boxshadow_color='' row_boxshadow_width='10' link='' linktarget='' link_hover='' padding='0px' highlight='' highlight_size='' border='' border_color='' radius='0px' column_boxshadow='' column_boxshadow_color='' column_boxshadow_width='10' background='bg_color' background_color='' background_gradient_color1='' background_gradient_color2='' background_gradient_direction='vertical' src='' background_position='top left' background_repeat='no-repeat' animation='' mobile_breaking='' mobile_display='' av_uid='av-620p3'][\/av_one_third]<\/p><p>[av_one_third min_height='' vertical_alignment='' space='' custom_margin='' margin='0px' row_boxshadow='' row_boxshadow_color='' row_boxshadow_width='10' link='' linktarget='' link_hover='' padding='0px' highlight='' highlight_size='' border='' border_color='' radius='0px' column_boxshadow='' column_boxshadow_color='' column_boxshadow_width='10' background='bg_color' background_color='' background_gradient_color1='' background_gradient_color2='' background_gradient_direction='vertical' src='' background_position='top left' background_repeat='no-repeat' animation='' mobile_breaking='' mobile_display='' av_uid='av-620p3'][\/av_one_third]<\/p><p>[av_one_third min_height='' vertical_alignment='' space='' custom_margin='' margin='0px' row_boxshadow='' row_boxshadow_color='' row_boxshadow_width='10' link='' linktarget='' link_hover='' padding='0px' highlight='' highlight_size='' border='' border_color='' radius='0px' column_boxshadow='' column_boxshadow_color='' column_boxshadow_width='10' background='bg_color' background_color='' background_gradient_color1='' background_gradient_color2='' background_gradient_direction='vertical' src='' background_position='top left' background_repeat='no-repeat' animation='' mobile_breaking='' mobile_display='' av_uid='av-620p3'][\/av_one_third]<\/p><p>[av_hr class='invisible' height='50' shadow='no-shadow' position='center' custom_border='av-border-thin' custom_width='50px' custom_border_color='' custom_margin_top='30px' custom_margin_bottom='30px' icon_select='yes' custom_icon_color='' icon='ue808' font='entypo-fontello' av_uid='av-k44jbhx2' admin_preview_bg='']<\/p><p>[av_one_half first min_height='' vertical_alignment='' space='' custom_margin='' margin='0px' row_boxshadow='' row_boxshadow_color='' row_boxshadow_width='10' link='' linktarget='' link_hover='' padding='0px' highlight='' highlight_size='' border='' border_color='' radius='0px' column_boxshadow='' column_boxshadow_color='' column_boxshadow_width='10' background='bg_color' background_color='' background_gradient_color1='' background_gradient_color2='' background_gradient_direction='vertical' src='' background_position='top left' background_repeat='no-repeat' animation='' mobile_breaking='' mobile_display='' av_uid='av-620p3']<br \/>[av_textblock size='14' font_color='' color='' av-medium-font-size='' av-small-font-size='' av-mini-font-size='' av_uid='av-k44jnc57' admin_preview_bg='']<\/p><h2><strong><span style=\"color: #008000;\">Gastronom\u00eda Sostenible<\/span><\/strong><\/h2><p><span style=\"color: #333333;\">La sostenibilidad en la gastronom\u00eda se ha convertido en uno de los v\u00e9rtices sobre los que se apoyan las propuestas culinarias de muchos chefs valencianos, y para conmemorar el d\u00eda de la Gastronom\u00eda Sostenible, los restaurantes El Poblet, Casa Monta\u00f1a, Apicius, RIFF, Ricard Camarena, Sucursal y Ampar nos muestran c\u00f3mo trabajan ya en c\u00f3digo sostenible.<\/span><\/p><p><span style=\"color: #333333;\">En las diferentes recetas recogen 4 conceptos claves. \u201cNose to Tail\u201d, aprovechamiento, la conservaci\u00f3n de tradiciones culinarias, y el apoyo a productores locales, consumiendo en org\u00e1nico y productos de temporada.<\/span><br \/>[\/av_textblock]<\/p><p>[av_hr class='invisible' height='50' shadow='no-shadow' position='center' custom_border='av-border-thin' custom_width='50px' custom_border_color='' custom_margin_top='30px' custom_margin_bottom='30px' icon_select='yes' custom_icon_color='' icon='ue808' font='entypo-fontello' av_uid='av-k44jbhx2' admin_preview_bg='']<\/p><p>[av_button label='Ver Recetas de Aprovechamiento' link='manually,https:\/\/www.valenciaculinaryfestival.es\/recetas-de-aprovechamiento-gastronomia-sostenible\/' link_target='' size='small' position='right' label_display='' icon_select='no' icon='ue800' font='entypo-fontello' color='theme-color' custom_bg='#444444' custom_font='#ffffff' av_uid='av-kq273h8b' admin_preview_bg='']<br \/>[\/av_one_half]<\/p><p>[av_one_half min_height='' vertical_alignment='' space='' custom_margin='' margin='0px' row_boxshadow='' row_boxshadow_color='' row_boxshadow_width='10' link='' linktarget='' link_hover='' padding='0px' highlight='' highlight_size='' border='' border_color='' radius='0px' column_boxshadow='' column_boxshadow_color='' column_boxshadow_width='10' background='bg_color' background_color='' background_gradient_color1='' background_gradient_color2='' background_gradient_direction='vertical' src='' background_position='top left' background_repeat='no-repeat' animation='' mobile_breaking='' mobile_display='' av_uid='av-5quzz']<br \/>[av_image src='https:\/\/www.valenciaculinaryfestival.es\/wp-content\/uploads\/Restaurante-El-Poblet.-Receta-de-aprovechamiento-1.png' attachment='2908' attachment_size='full' align='center' styling='' hover='' link='' target='' caption='' font_size='' appearance='' overlay_opacity='0.4' overlay_color='#000000' overlay_text_color='#ffffff' copyright='' animation='no-animation' av_uid='av-jr80nxdg' admin_preview_bg=''][\/av_image]<br \/>[\/av_one_half]<\/p><p>[av_one_half first min_height='' vertical_alignment='' space='' custom_margin='' margin='0px' row_boxshadow='' row_boxshadow_color='' row_boxshadow_width='10' link='' linktarget='' link_hover='' padding='0px' highlight='' highlight_size='' border='' border_color='' radius='0px' column_boxshadow='' column_boxshadow_color='' column_boxshadow_width='10' background='bg_color' background_color='' background_gradient_color1='' background_gradient_color2='' background_gradient_direction='vertical' src='' background_position='top left' background_repeat='no-repeat' animation='' mobile_breaking='' mobile_display='' av_uid='av-620p3']<br \/>[av_textblock size='14' font_color='' color='' av-medium-font-size='' av-small-font-size='' av-mini-font-size='' av_uid='av-k44jnc57' admin_preview_bg='']<\/p><h2><strong><span style=\"color: #008000;\">Foro de la Sala<\/span><\/strong><\/h2><div data-canvas-width=\"566.3066666666665\"><p><span style=\"color: #333333;\">Tras la buena acogida el a\u00f1o pasado del debate \u201cLa sala. Todo un mundo por\u00a0descubrir\u201d, este 2021, se realizar\u00e1n diferentes desayunos networking en donde\u00a0camareros,\u00a0sommeliers\u00a0y jefes de sala pondr\u00e1n en com\u00fan temas relacionados con\u00a0su profesi\u00f3n como la formaci\u00f3n, la vocaci\u00f3n y la profesionalizaci\u00f3n del sector.\u00a0 Esta\u00a0iniciativa pretende, entre otros objetivos, dar visibilidad y reivindicar la importancia de la profesi\u00f3n de camarero, tan afectada por la coyuntura actual.<\/span><\/p><\/div><div data-canvas-width=\"255.1066666666667\">\u00a0<\/div><p>[\/av_textblock]<\/p><p>[av_hr class='invisible' height='50' shadow='no-shadow' position='center' custom_border='av-border-thin' custom_width='50px' custom_border_color='' custom_margin_top='30px' custom_margin_bottom='30px' icon_select='yes' custom_icon_color='' icon='ue808' font='entypo-fontello' av_uid='av-k44jbhx2' admin_preview_bg='']<\/p><p>[av_button label='M\u00e1s Sobre el Foro de Sala' link='manually,https:\/\/www.valenciaculinaryfestival.es\/primer-encuentro-de-la-sala-de-la-comunitat-valenciana\/' link_target='' size='small' position='right' label_display='' icon_select='no' icon='ue800' font='entypo-fontello' color='theme-color' custom_bg='#444444' custom_font='#ffffff' av_uid='av-kq273h8b' admin_preview_bg='']<br \/>[\/av_one_half]<\/p><p>[av_one_half min_height='' vertical_alignment='' space='' custom_margin='' margin='0px' row_boxshadow='' row_boxshadow_color='' row_boxshadow_width='10' link='' linktarget='' link_hover='' padding='0px' highlight='' highlight_size='' border='' border_color='' radius='0px' column_boxshadow='' column_boxshadow_color='' column_boxshadow_width='10' background='bg_color' background_color='' background_gradient_color1='' background_gradient_color2='' background_gradient_direction='vertical' src='' background_position='top left' background_repeat='no-repeat' animation='' mobile_breaking='' mobile_display='' av_uid='av-5quzz']<br \/>[av_image src='https:\/\/www.valenciaculinaryfestival.es\/wp-content\/uploads\/REDES-SOCIALES-46.jpg' attachment='2845' attachment_size='full' align='center' styling='' hover='' link='' target='' caption='' font_size='' appearance='' overlay_opacity='0.4' overlay_color='#000000' overlay_text_color='#ffffff' copyright='' animation='no-animation' av_uid='av-jr80nxdg' admin_preview_bg=''][\/av_image]<br \/>[\/av_one_half]<\/p>","_et_gb_content_width":"","footnotes":""},"class_list":["post-10122","page","type-page","status-publish","hentry"],"_links":{"self":[{"href":"https:\/\/www.valenciaculinaryfestival.es\/fr\/wp-json\/wp\/v2\/pages\/10122","targetHints":{"allow":["GET"]}}],"collection":[{"href":"https:\/\/www.valenciaculinaryfestival.es\/fr\/wp-json\/wp\/v2\/pages"}],"about":[{"href":"https:\/\/www.valenciaculinaryfestival.es\/fr\/wp-json\/wp\/v2\/types\/page"}],"author":[{"embeddable":true,"href":"https:\/\/www.valenciaculinaryfestival.es\/fr\/wp-json\/wp\/v2\/users\/1"}],"replies":[{"embeddable":true,"href":"https:\/\/www.valenciaculinaryfestival.es\/fr\/wp-json\/wp\/v2\/comments?post=10122"}],"version-history":[{"count":3,"href":"https:\/\/www.valenciaculinaryfestival.es\/fr\/wp-json\/wp\/v2\/pages\/10122\/revisions"}],"predecessor-version":[{"id":10147,"href":"https:\/\/www.valenciaculinaryfestival.es\/fr\/wp-json\/wp\/v2\/pages\/10122\/revisions\/10147"}],"wp:attachment":[{"href":"https:\/\/www.valenciaculinaryfestival.es\/fr\/wp-json\/wp\/v2\/media?parent=10122"}],"curies":[{"name":"wp","href":"https:\/\/api.w.org\/{rel}","templated":true}]}}